{"id":12,"date":"2025-04-16T09:29:18","date_gmt":"2025-04-16T07:29:18","guid":{"rendered":"https:\/\/allbau.net\/25_Jahre_Sozialmanagement\/?page_id=12"},"modified":"2025-08-08T11:36:37","modified_gmt":"2025-08-08T09:36:37","slug":"startseite","status":"publish","type":"page","link":"https:\/\/allbau.net\/25_Jahre_Sozialmanagement\/","title":{"rendered":"Startseite"},"content":{"rendered":"\t\t<div data-elementor-type=\"wp-page\" data-elementor-id=\"12\" class=\"elementor elementor-12\" data-elementor-post-type=\"page\">\n\t\t\t\t<div class=\"elementor-element elementor-element-53df09b e-flex e-con-boxed e-con e-parent\" data-id=\"53df09b\" data-element_type=\"container\">\n\t\t\t\t\t<div class=\"e-con-inner\">\n\t\t\t\t<div class=\"elementor-element elementor-element-410fe7d elementor-widget elementor-widget-html\" data-id=\"410fe7d\" data-element_type=\"widget\" data-widget_type=\"html.default\">\n\t\t\t\t<div class=\"elementor-widget-container\">\n\t\t\t\t\t<script src=\"https:\/\/cdnjs.cloudflare.com\/ajax\/libs\/iframe-resizer\/4.3.6\/iframeResizer.contentWindow.min.js\"><\/script>\n<!-- On the embedded page (allbau.net) -->\n<script>\nfunction sendHeight() {\n    \/\/ Calculate the content height\n    var height = document.body.scrollHeight;\n    \n    \/\/ Send message to parent\n    window.parent.postMessage({\n        type: 'setHeight',\n        height: height\n    }, 'https:\/\/allbau.de');\n}\n\n\/\/ Send height when page loads\nwindow.onload = sendHeight;\n\n\/\/ Send height when content changes\nwindow.addEventListener('resize', sendHeight);\n\n\/\/ For dynamic content changes - add to your content loading code\n\/\/ sendHeight();\n<\/script>\t\t\t\t<\/div>\n\t\t\t\t<\/div>\n\t\t\t\t<div class=\"elementor-element elementor-element-9cb0878 elementor-widget elementor-widget-image\" data-id=\"9cb0878\" data-element_type=\"widget\" data-widget_type=\"image.default\">\n\t\t\t\t<div class=\"elementor-widget-container\">\n\t\t\t\t\t\t\t\t\t\t\t\t\t\t\t<img fetchpriority=\"high\" decoding=\"async\" width=\"300\" height=\"212\" src=\"https:\/\/allbau.net\/25_Jahre_Sozialmanagement\/wp-content\/uploads\/2025\/04\/25Jahre-Sozialmanagement_Logo_CMYK-300x212.png\" class=\"attachment-medium size-medium wp-image-28\" alt=\"Logo von Allbau zum 25-j\u00e4hrigen Jubil\u00e4um des Sozialmanagements, mit einem gr\u00fcnen Herz und der Zahl 25 in Blau, darunter der Schriftzug &#039;Jahre Sozialmanagement&#039;.\" srcset=\"https:\/\/allbau.net\/25_Jahre_Sozialmanagement\/wp-content\/uploads\/2025\/04\/25Jahre-Sozialmanagement_Logo_CMYK-300x212.png 300w, https:\/\/allbau.net\/25_Jahre_Sozialmanagement\/wp-content\/uploads\/2025\/04\/25Jahre-Sozialmanagement_Logo_CMYK-768x543.png 768w, https:\/\/allbau.net\/25_Jahre_Sozialmanagement\/wp-content\/uploads\/2025\/04\/25Jahre-Sozialmanagement_Logo_CMYK.png 842w\" sizes=\"(max-width: 300px) 100vw, 300px\" \/>\t\t\t\t\t\t\t\t\t\t\t\t\t\t\t<\/div>\n\t\t\t\t<\/div>\n\t\t\t\t\t<\/div>\n\t\t\t\t<\/div>\n\t\t<div class=\"elementor-element elementor-element-446cc20 e-flex e-con-boxed e-con e-parent\" data-id=\"446cc20\" data-element_type=\"container\">\n\t\t\t\t\t<div class=\"e-con-inner\">\n\t\t<div class=\"elementor-element elementor-element-a37e680 e-con-full e-flex e-con e-child\" data-id=\"a37e680\" data-element_type=\"container\" data-settings=\"{&quot;background_background&quot;:&quot;classic&quot;}\">\n\t\t<div class=\"elementor-element elementor-element-6fc2b61 e-con-full e-flex e-con e-child\" data-id=\"6fc2b61\" data-element_type=\"container\">\n\t\t<div class=\"elementor-element elementor-element-25ed8d4 e-con-full e-flex e-con e-child\" data-id=\"25ed8d4\" data-element_type=\"container\">\n\t\t<div class=\"elementor-element elementor-element-e1ca6a9 e-con-full e-flex e-con e-child\" data-id=\"e1ca6a9\" data-element_type=\"container\">\n\t\t\t\t<div class=\"elementor-element elementor-element-20e3085 elementor-widget elementor-widget-heading\" data-id=\"20e3085\" data-element_type=\"widget\" data-widget_type=\"heading.default\">\n\t\t\t\t<div class=\"elementor-widget-container\">\n\t\t\t\t\t<h2 class=\"elementor-heading-title elementor-size-default\">25 Jahre Sozialmanagement beim Allbau<\/h2>\t\t\t\t<\/div>\n\t\t\t\t<\/div>\n\t\t\t\t<div class=\"elementor-element elementor-element-8e82385 elementor-widget elementor-widget-heading\" data-id=\"8e82385\" data-element_type=\"widget\" data-widget_type=\"heading.default\">\n\t\t\t\t<div class=\"elementor-widget-container\">\n\t\t\t\t\t<h2 class=\"elementor-heading-title elementor-size-default\">Weil Wohnen mehr ist als ein Dach \u00fcber dem Kopf<\/h2>\t\t\t\t<\/div>\n\t\t\t\t<\/div>\n\t\t\t\t<div class=\"elementor-element elementor-element-b93fba1 elementor-widget elementor-widget-text-editor\" data-id=\"b93fba1\" data-element_type=\"widget\" data-widget_type=\"text-editor.default\">\n\t\t\t\t<div class=\"elementor-widget-container\">\n\t\t\t\t\t\t\t\t\t<p style=\"font-weight: 400;\">Seit 2001 engagiert sich die Allbau GmbH mit einem eigenen Sozialmanagement f\u00fcr lebendige Nachbarschaften, gegenseitiges Verst\u00e4ndnis und ein starkes Miteinander in unseren Quartieren. Was mit einer Vision begann, ist heute fester Bestandteil unserer Unternehmenskultur: Menschen in unterschiedlichen Lebenslagen begleiten, Chancen schaffen, Isolation vorbeugen \u2013 kurzum: Lebensr\u00e4ume gestalten, in denen man sich zuhause f\u00fchlt.<\/p><p style=\"font-weight: 400;\">Ob im Rahmen von Kinder- und Jugendprojekten, Nachbarschaftstreffs, Beratung in schwierigen Lebenslagen oder der Organisation von Mieterfesten: Unser Team aus Sozialmanagerinnen und -managern sorgt daf\u00fcr, dass unsere Quartiere Orte der Begegnung bleiben. Orte, an denen alle das Gef\u00fchl haben: Ich geh\u00f6re dazu. Ich kann mitgestalten.<\/p><p style=\"font-weight: 400;\">Mit Herz, Verstand und einem offenen Ohr f\u00fcr die Menschen vor Ort. Seit 25 Jahren. Und auch in Zukunft.<\/p><p style=\"font-weight: 400;\">Erfahren Sie mehr \u00fcber unsere Arbeit, die Menschen dahinter und die Geschichte des Allbau-Sozialmanagements.<\/p>\t\t\t\t\t\t\t\t<\/div>\n\t\t\t\t<\/div>\n\t\t\t\t<\/div>\n\t\t\t\t<\/div>\n\t\t\t\t<\/div>\n\t\t<div class=\"elementor-element elementor-element-5ffeb52 e-con-full e-flex e-con e-child\" data-id=\"5ffeb52\" data-element_type=\"container\">\n\t\t\t\t<div class=\"elementor-element elementor-element-1fb9034 elementor-widget elementor-widget-image\" data-id=\"1fb9034\" data-element_type=\"widget\" data-widget_type=\"image.default\">\n\t\t\t\t<div class=\"elementor-widget-container\">\n\t\t\t\t\t\t\t\t\t\t\t\t\t\t\t<img decoding=\"async\" width=\"683\" height=\"1024\" src=\"https:\/\/allbau.net\/25_Jahre_Sozialmanagement\/wp-content\/uploads\/2025\/04\/MiMa_Titelbild_anderer_Hintergrund-683x1024.jpg\" class=\"attachment-large size-large wp-image-187\" alt=\"F\u00fcnf Personen stehen und sitzen um einen Kiosk im Freien. Eine Frau h\u00e4lt ein Buch mit Bildern von Wohnprojekten. Die Stimmung ist freundlich und entspannt, umgeben von gr\u00fcner Natur.\" srcset=\"https:\/\/allbau.net\/25_Jahre_Sozialmanagement\/wp-content\/uploads\/2025\/04\/MiMa_Titelbild_anderer_Hintergrund-683x1024.jpg 683w, https:\/\/allbau.net\/25_Jahre_Sozialmanagement\/wp-content\/uploads\/2025\/04\/MiMa_Titelbild_anderer_Hintergrund-200x300.jpg 200w, https:\/\/allbau.net\/25_Jahre_Sozialmanagement\/wp-content\/uploads\/2025\/04\/MiMa_Titelbild_anderer_Hintergrund-768x1152.jpg 768w, https:\/\/allbau.net\/25_Jahre_Sozialmanagement\/wp-content\/uploads\/2025\/04\/MiMa_Titelbild_anderer_Hintergrund-1024x1536.jpg 1024w, https:\/\/allbau.net\/25_Jahre_Sozialmanagement\/wp-content\/uploads\/2025\/04\/MiMa_Titelbild_anderer_Hintergrund-1365x2048.jpg 1365w, https:\/\/allbau.net\/25_Jahre_Sozialmanagement\/wp-content\/uploads\/2025\/04\/MiMa_Titelbild_anderer_Hintergrund-scaled.jpg 1707w\" sizes=\"(max-width: 683px) 100vw, 683px\" \/>\t\t\t\t\t\t\t\t\t\t\t\t\t\t\t<\/div>\n\t\t\t\t<\/div>\n\t\t\t\t<\/div>\n\t\t\t\t<\/div>\n\t\t\t\t\t<\/div>\n\t\t\t\t<\/div>\n\t\t<div class=\"elementor-element elementor-element-4b61ec6 e-flex e-con-boxed e-con e-parent\" data-id=\"4b61ec6\" data-element_type=\"container\" data-settings=\"{&quot;background_background&quot;:&quot;classic&quot;,&quot;shape_divider_top&quot;:&quot;triangle&quot;,&quot;shape_divider_top_negative&quot;:&quot;yes&quot;}\">\n\t\t\t\t\t<div class=\"e-con-inner\">\n\t\t\t\t<div class=\"elementor-shape elementor-shape-top\" data-negative=\"true\">\n\t\t\t<svg xmlns=\"http:\/\/www.w3.org\/2000\/svg\" viewBox=\"0 0 1000 100\" preserveAspectRatio=\"none\">\n\t<path class=\"elementor-shape-fill\" d=\"M500.2,94.7L0,0v100h1000V0L500.2,94.7z\"\/>\n<\/svg>\t\t<\/div>\n\t\t<div class=\"elementor-element elementor-element-fef6748 e-con-full e-flex e-con e-child\" data-id=\"fef6748\" data-element_type=\"container\">\n\t\t\t\t<div class=\"elementor-element elementor-element-e4027fc elementor-widget elementor-widget-heading\" data-id=\"e4027fc\" data-element_type=\"widget\" data-widget_type=\"heading.default\">\n\t\t\t\t<div class=\"elementor-widget-container\">\n\t\t\t\t\t<h2 class=\"elementor-heading-title elementor-size-default\">Historie<\/h2>\t\t\t\t<\/div>\n\t\t\t\t<\/div>\n\t\t\t\t<\/div>\n\t\t\t\t<div class=\"elementor-element elementor-element-584e4ea elementor-widget elementor-widget-qi_addons_for_elementor_timeline\" data-id=\"584e4ea\" data-element_type=\"widget\" data-widget_type=\"qi_addons_for_elementor_timeline.default\">\n\t\t\t\t<div class=\"elementor-widget-container\">\n\t\t\t\t\t<div class=\"qodef-shortcode qodef-m qodef-qi-timeline qodef-timeline--horizontal qodef-layout--columns qodef-timeline-layout--horizontal-standard qodef-point--standard qodef-qi--has-appear\" data-options=\"{&quot;colNum&quot;:&quot;3&quot;,&quot;colNum1440&quot;:&quot;3&quot;,&quot;colNum1366&quot;:&quot;3&quot;,&quot;colNum1024&quot;:&quot;3&quot;,&quot;colNum768&quot;:&quot;2&quot;,&quot;colNum680&quot;:&quot;1&quot;,&quot;colNum480&quot;:&quot;1&quot;}\">\n\t<div class=\"qodef-nav-prev\">\n\t\t<svg xmlns=\"http:\/\/www.w3.org\/2000\/svg\" xmlns:xlink=\"http:\/\/www.w3.org\/1999\/xlink\" width=\"212px\" height=\"412px\" viewBox=\"0 0 212 412\"><title>prev<\/title><g id=\"prev\" stroke=\"none\" stroke-width=\"1\" fill=\"none\" fill-rule=\"evenodd\"><path d=\"M117.471919,111.856831 L285.601003,284.789603 C291.760775,291.125369 291.618104,301.255004 285.282338,307.414776 C282.295743,310.31841 278.294518,311.942857 274.129084,311.942857 L-62.1290841,311.942857 C-70.9656401,311.942857 -78.1290841,304.779413 -78.1290841,295.942857 C-78.1290841,291.777423 -76.5046367,287.776198 -73.6010028,284.789603 L94.5280813,111.856831 C100.687854,105.521065 110.817489,105.378394 117.153254,111.538166 C117.260966,111.642886 117.367199,111.749118 117.471919,111.856831 Z\" id=\"Triangle\" fill=\"#164194\" transform=\"translate(106, 206) scale(-1, 1) rotate(90) translate(-106, -206)\"><\/path><\/g><\/svg>\t<\/div>\n\t<div class=\"qodef-nav-next\">\n\t\t<svg xmlns=\"http:\/\/www.w3.org\/2000\/svg\" xmlns:xlink=\"http:\/\/www.w3.org\/1999\/xlink\" width=\"212px\" height=\"412px\" viewBox=\"0 0 212 412\"><title>next<\/title><g id=\"next\" stroke=\"none\" stroke-width=\"1\" fill=\"none\" fill-rule=\"evenodd\"><path d=\"M117.471919,111.856831 L285.601003,284.789603 C291.760775,291.125369 291.618104,301.255004 285.282338,307.414776 C282.295743,310.31841 278.294518,311.942857 274.129084,311.942857 L-62.1290841,311.942857 C-70.9656401,311.942857 -78.1290841,304.779413 -78.1290841,295.942857 C-78.1290841,291.777423 -76.5046367,287.776198 -73.6010028,284.789603 L94.5280813,111.856831 C100.687854,105.521065 110.817489,105.378394 117.153254,111.538166 C117.260966,111.642886 117.367199,111.749118 117.471919,111.856831 Z\" id=\"Triangle\" fill=\"#164194\" transform=\"translate(106, 206) rotate(90) translate(-106, -206)\"><\/path><\/g><\/svg>\t<\/div>\n\t<div class=\"qodef-grid-inner\">\n\t<div class=\"qodef-e qodef-e-item qodef-grid-item elementor-repeater-item-572146a qodef-reverse\">\n\t<div class=\"qodef-e-line-holder\">\n\t\t<span class=\"qodef-e-line\"><\/span>\n\t\t<div class=\"qodef-e-point-holder\">\n\t\t\t<div class=\"qodef-e-point\">\n\t\t\t\t\t<div class=\"qodef-e-icon-holder\">\n\t\t<svg aria-hidden=\"true\" class=\"e-font-icon-svg e-fas-flag-checkered\" viewBox=\"0 0 512 512\" xmlns=\"http:\/\/www.w3.org\/2000\/svg\"><path d=\"M243.2 189.9V258c26.1 5.9 49.3 15.6 73.6 22.3v-68.2c-26-5.8-49.4-15.5-73.6-22.2zm223.3-123c-34.3 15.9-76.5 31.9-117 31.9C296 98.8 251.7 64 184.3 64c-25 0-47.3 4.4-68 12 2.8-7.3 4.1-15.2 3.6-23.6C118.1 24 94.8 1.2 66.3 0 34.3-1.3 8 24.3 8 56c0 19 9.5 35.8 24 45.9V488c0 13.3 10.7 24 24 24h16c13.3 0 24-10.7 24-24v-94.4c28.3-12.1 63.6-22.1 114.4-22.1 53.6 0 97.8 34.8 165.2 34.8 48.2 0 86.7-16.3 122.5-40.9 8.7-6 13.8-15.8 13.8-26.4V95.9c.1-23.3-24.2-38.8-45.4-29zM169.6 325.5c-25.8 2.7-50 8.2-73.6 16.6v-70.5c26.2-9.3 47.5-15 73.6-17.4zM464 191c-23.6 9.8-46.3 19.5-73.6 23.9V286c24.8-3.4 51.4-11.8 73.6-26v70.5c-25.1 16.1-48.5 24.7-73.6 27.1V286c-27 3.7-47.9 1.5-73.6-5.6v67.4c-23.9-7.4-47.3-16.7-73.6-21.3V258c-19.7-4.4-40.8-6.8-73.6-3.8v-70c-22.4 3.1-44.6 10.2-73.6 20.9v-70.5c33.2-12.2 50.1-19.8 73.6-22v71.6c27-3.7 48.4-1.3 73.6 5.7v-67.4c23.7 7.4 47.2 16.7 73.6 21.3v68.4c23.7 5.3 47.6 6.9 73.6 2.7V143c27-4.8 52.3-13.6 73.6-22.5z\"><\/path><\/svg>\t<\/div>\n\t\t\t<\/div>\n\t\t<\/div>\n\t<\/div>\n\t<div class=\"qodef-e-item-inner\">\n\t\t<div class=\"qodef-e-top-holder\">\n\t\t\t<div class=\"qodef-e-image\">\n\t<\/div>\n\t\t<\/div>\n\t\t<div class=\"qodef-e-content-holder\">\n\t\t\t\t<div class=\"qodef-e-date\">\n\t\t2001\t<\/div>\n\t\t\t\t\t<h4 class=\"qodef-e-title\">\n\t\tGR\u00dcNDUNG SOZIALMANAGEMENT\t\t<\/h4>\n\t\t\t\t\t<p class=\"qodef-e-text\">\n\t\tStart sozialer Quartiersarbeit mit erster Sozialmanagerin Hiltrud Siepmann | externe Unterst\u00fctzung durch Annette Giesen f\u00fcr das Quartier Hangetal | erstes Konzept zu Spielplatzpatenschaften\t<\/p>\n\t\t\t<\/div>\n\t<\/div>\n<\/div>\n<div class=\"qodef-e qodef-e-item qodef-grid-item elementor-repeater-item-b5a74b7 qodef-obverse\">\n\t<div class=\"qodef-e-line-holder\">\n\t\t<span class=\"qodef-e-line\"><\/span>\n\t\t<div class=\"qodef-e-point-holder\">\n\t\t\t<div class=\"qodef-e-point\">\n\t\t\t\t\t\t\t<\/div>\n\t\t<\/div>\n\t<\/div>\n\t<div class=\"qodef-e-item-inner\">\n\t\t<div class=\"qodef-e-top-holder\">\n\t\t\t<div class=\"qodef-e-image\">\n\t<\/div>\n\t\t<\/div>\n\t\t<div class=\"qodef-e-content-holder\">\n\t\t\t\t<div class=\"qodef-e-date\">\n\t\t2002\t<\/div>\n\t\t\t\t\t<h4 class=\"qodef-e-title\">\n\t\tERWEITERUNG AUF WEITERE QUARTIERE\t\t<\/h4>\n\t\t\t\t\t<p class=\"qodef-e-text\">\n\t\tBetreuung von vier zus\u00e4tzlichen Quartieren | Annette Giesen wird feste Allbau-Sozialmanagerin | erstes Taschengeldprojekt zur F\u00f6rderung sozialer Teilhabe von Jugendlichen\t<\/p>\n\t\t\t<\/div>\n\t<\/div>\n<\/div>\n<div class=\"qodef-e qodef-e-item qodef-grid-item elementor-repeater-item-07cef98 qodef-reverse\">\n\t<div class=\"qodef-e-line-holder\">\n\t\t<span class=\"qodef-e-line\"><\/span>\n\t\t<div class=\"qodef-e-point-holder\">\n\t\t\t<div class=\"qodef-e-point\">\n\t\t\t\t\t\t\t<\/div>\n\t\t<\/div>\n\t<\/div>\n\t<div class=\"qodef-e-item-inner\">\n\t\t<div class=\"qodef-e-top-holder\">\n\t\t\t<div class=\"qodef-e-image\">\n\t<\/div>\n\t\t<\/div>\n\t\t<div class=\"qodef-e-content-holder\">\n\t\t\t\t<div class=\"qodef-e-date\">\n\t\t2003\t<\/div>\n\t\t\t\t\t<h4 class=\"qodef-e-title\">\n\t\tVERNETZUNG WOHNUNGSWIRTSCHAFT &amp; KINDERFREUNDLICHE HAUSORDNUNG\t\t<\/h4>\n\t\t\t\t\t<p class=\"qodef-e-text\">\n\t\tDefinition von \u201eSozialmanagement\u201c und regelm\u00e4\u00dfiger Austausch mit anderen Sozialmanagern | Einf\u00fchrung einer familienorientierten Hausordnung zur F\u00f6rderung des respektvollen Miteinanders\t<\/p>\n\t\t\t<\/div>\n\t<\/div>\n<\/div>\n<div class=\"qodef-e qodef-e-item qodef-grid-item elementor-repeater-item-3e7b5cd qodef-obverse\">\n\t<div class=\"qodef-e-line-holder\">\n\t\t<span class=\"qodef-e-line\"><\/span>\n\t\t<div class=\"qodef-e-point-holder\">\n\t\t\t<div class=\"qodef-e-point\">\n\t\t\t\t\t\t\t<\/div>\n\t\t<\/div>\n\t<\/div>\n\t<div class=\"qodef-e-item-inner\">\n\t\t<div class=\"qodef-e-top-holder\">\n\t\t\t<div class=\"qodef-e-image\">\n\t<\/div>\n\t\t<\/div>\n\t\t<div class=\"qodef-e-content-holder\">\n\t\t\t\t<div class=\"qodef-e-date\">\n\t\t2005\t<\/div>\n\t\t\t\t\t<h4 class=\"qodef-e-title\">\n\t\tSTORP9 WIRD TEIL DES S\u00dcDOSTVIERTELS\t\t<\/h4>\n\t\t\t\t\t<p class=\"qodef-e-text\">\n\t\tGr\u00fcndung des Begegnungszentrums Storp9 mit Kooperationspartnern | Start der \u201eSauberZauber\u201c-Aktionen zur gemeinsamen Quartierspflege mit Bewohnerinnen und Bewohnern\t<\/p>\n\t\t\t<\/div>\n\t<\/div>\n<\/div>\n<div class=\"qodef-e qodef-e-item qodef-grid-item elementor-repeater-item-ef86d3a qodef-reverse\">\n\t<div class=\"qodef-e-line-holder\">\n\t\t<span class=\"qodef-e-line\"><\/span>\n\t\t<div class=\"qodef-e-point-holder\">\n\t\t\t<div class=\"qodef-e-point\">\n\t\t\t\t\t\t\t<\/div>\n\t\t<\/div>\n\t<\/div>\n\t<div class=\"qodef-e-item-inner\">\n\t\t<div class=\"qodef-e-top-holder\">\n\t\t\t<div class=\"qodef-e-image\">\n\t<\/div>\n\t\t<\/div>\n\t\t<div class=\"qodef-e-content-holder\">\n\t\t\t\t<div class=\"qodef-e-date\">\n\t\t2007\t<\/div>\n\t\t\t\t\t<h4 class=\"qodef-e-title\">\n\t\tERWEITERUNG DES SOZIALMANAGEMENTS\t\t<\/h4>\n\t\t\t\t\t<p class=\"qodef-e-text\">\n\t\tAusdehnung auf weitere Quartiere | Michael Minuth verst\u00e4rkt das Team auf drei Sozialmanager\t<\/p>\n\t\t\t<\/div>\n\t<\/div>\n<\/div>\n<div class=\"qodef-e qodef-e-item qodef-grid-item elementor-repeater-item-9a941c9 qodef-obverse\">\n\t<div class=\"qodef-e-line-holder\">\n\t\t<span class=\"qodef-e-line\"><\/span>\n\t\t<div class=\"qodef-e-point-holder\">\n\t\t\t<div class=\"qodef-e-point\">\n\t\t\t\t\t\t\t<\/div>\n\t\t<\/div>\n\t<\/div>\n\t<div class=\"qodef-e-item-inner\">\n\t\t<div class=\"qodef-e-top-holder\">\n\t\t\t<div class=\"qodef-e-image\">\n\t<\/div>\n\t\t<\/div>\n\t\t<div class=\"qodef-e-content-holder\">\n\t\t\t\t<div class=\"qodef-e-date\">\n\t\t2008\t<\/div>\n\t\t\t\t\t<h4 class=\"qodef-e-title\">\n\t\tERSTE SENIOREN-WG \u2013 VERSORGUNGSSICHERHEIT\t\t<\/h4>\n\t\t\t\t\t<p class=\"qodef-e-text\">\n\t\tFertigstellung der ersten Senioren-WG, betreut von der Seniorenbeauftragten | erste seniorengerechte Serviceangebote zur Gew\u00e4hrleistung von Versorgungssicherheit\t<\/p>\n\t\t\t<\/div>\n\t<\/div>\n<\/div>\n<div class=\"qodef-e qodef-e-item qodef-grid-item elementor-repeater-item-2a9e6fd qodef-reverse\">\n\t<div class=\"qodef-e-line-holder\">\n\t\t<span class=\"qodef-e-line\"><\/span>\n\t\t<div class=\"qodef-e-point-holder\">\n\t\t\t<div class=\"qodef-e-point\">\n\t\t\t\t\t\t\t<\/div>\n\t\t<\/div>\n\t<\/div>\n\t<div class=\"qodef-e-item-inner\">\n\t\t<div class=\"qodef-e-top-holder\">\n\t\t\t<div class=\"qodef-e-image\">\n\t<\/div>\n\t\t<\/div>\n\t\t<div class=\"qodef-e-content-holder\">\n\t\t\t\t<div class=\"qodef-e-date\">\n\t\t2009\t<\/div>\n\t\t\t\t\t<h4 class=\"qodef-e-title\">\n\t\tAUSZEICHNUNG DURCH DAS BAUMINISTERIUM\t\t<\/h4>\n\t\t\t\t\t<p class=\"qodef-e-text\">\n\t\tPreisverleihung \u201eStadt bauen. Stadt leben.\u201c gemeinsam mit Storp9 in der Kategorie \u201eEngagiert f\u00fcr die Stadt, Zivilgesellschaft und private Initiative\u201c\t<\/p>\n\t\t\t<\/div>\n\t<\/div>\n<\/div>\n<div class=\"qodef-e qodef-e-item qodef-grid-item elementor-repeater-item-a41e4da qodef-obverse\">\n\t<div class=\"qodef-e-line-holder\">\n\t\t<span class=\"qodef-e-line\"><\/span>\n\t\t<div class=\"qodef-e-point-holder\">\n\t\t\t<div class=\"qodef-e-point\">\n\t\t\t\t\t\t\t<\/div>\n\t\t<\/div>\n\t<\/div>\n\t<div class=\"qodef-e-item-inner\">\n\t\t<div class=\"qodef-e-top-holder\">\n\t\t\t<div class=\"qodef-e-image\">\n\t<\/div>\n\t\t<\/div>\n\t\t<div class=\"qodef-e-content-holder\">\n\t\t\t\t<div class=\"qodef-e-date\">\n\t\t2011\t<\/div>\n\t\t\t\t\t<h4 class=\"qodef-e-title\">\n\t\tFRAUENWOHNPROJEKT &amp; GEMEINSCHAFTSR\u00c4UME\t\t<\/h4>\n\t\t\t\t\t<p class=\"qodef-e-text\">\n\t\tStart des ersten gemeinschaftlichen Wohnprojektes \u201eBeginenhof\u201c f\u00fcr Frauen im ehemaligen Finanzamt S\u00fcd | erste Gemeinschaftsr\u00e4ume in verschiedenen Quartieren entstehen und bringen die Anwohner zusammen\t<\/p>\n\t\t\t<\/div>\n\t<\/div>\n<\/div>\n<div class=\"qodef-e qodef-e-item qodef-grid-item elementor-repeater-item-c956a08 qodef-reverse\">\n\t<div class=\"qodef-e-line-holder\">\n\t\t<span class=\"qodef-e-line\"><\/span>\n\t\t<div class=\"qodef-e-point-holder\">\n\t\t\t<div class=\"qodef-e-point\">\n\t\t\t\t\t\t\t<\/div>\n\t\t<\/div>\n\t<\/div>\n\t<div class=\"qodef-e-item-inner\">\n\t\t<div class=\"qodef-e-top-holder\">\n\t\t\t<div class=\"qodef-e-image\">\n\t<\/div>\n\t\t<\/div>\n\t\t<div class=\"qodef-e-content-holder\">\n\t\t\t\t<div class=\"qodef-e-date\">\n\t\t2012\t<\/div>\n\t\t\t\t\t<h4 class=\"qodef-e-title\">\n\t\tWOHNRAUM F\u00dcR GEFL\u00dcCHTETE &amp; ERSTER CONCIERGE-SERVICE\t\t<\/h4>\n\t\t\t\t\t<p class=\"qodef-e-text\">\n\t\tAllbau stellt 100 Wohnungen f\u00fcr Gefl\u00fcchtete bereit | Einf\u00fchrung eines Concierge-Services in H\u00f6lderlin 2 und Gr\u00fcndung von BlickPunkt101\t<\/p>\n\t\t\t<\/div>\n\t<\/div>\n<\/div>\n<div class=\"qodef-e qodef-e-item qodef-grid-item elementor-repeater-item-719563e qodef-obverse\">\n\t<div class=\"qodef-e-line-holder\">\n\t\t<span class=\"qodef-e-line\"><\/span>\n\t\t<div class=\"qodef-e-point-holder\">\n\t\t\t<div class=\"qodef-e-point\">\n\t\t\t\t\t\t\t<\/div>\n\t\t<\/div>\n\t<\/div>\n\t<div class=\"qodef-e-item-inner\">\n\t\t<div class=\"qodef-e-top-holder\">\n\t\t\t<div class=\"qodef-e-image\">\n\t<\/div>\n\t\t<\/div>\n\t\t<div class=\"qodef-e-content-holder\">\n\t\t\t\t<div class=\"qodef-e-date\">\n\t\t2013\/2014\t<\/div>\n\t\t\t\t\t<h4 class=\"qodef-e-title\">\n\t\tNACHBARSCHAFTPLUS \u2013 SERVICE F\u00dcR MIETER\t\t<\/h4>\n\t\t\t\t\t<p class=\"qodef-e-text\">\n\t\tAusbau des Mieterservices NachbarschaftPlus | F\u00f6rderung des kostenlosen Mieter-Energiesparservices durch Kooperation mit NEUE ARBEIT der Diakonie Essen\t<\/p>\n\t\t\t<\/div>\n\t<\/div>\n<\/div>\n<div class=\"qodef-e qodef-e-item qodef-grid-item elementor-repeater-item-9f83aae qodef-reverse\">\n\t<div class=\"qodef-e-line-holder\">\n\t\t<span class=\"qodef-e-line\"><\/span>\n\t\t<div class=\"qodef-e-point-holder\">\n\t\t\t<div class=\"qodef-e-point\">\n\t\t\t\t\t\t\t<\/div>\n\t\t<\/div>\n\t<\/div>\n\t<div class=\"qodef-e-item-inner\">\n\t\t<div class=\"qodef-e-top-holder\">\n\t\t\t<div class=\"qodef-e-image\">\n\t<\/div>\n\t\t<\/div>\n\t\t<div class=\"qodef-e-content-holder\">\n\t\t\t\t<div class=\"qodef-e-date\">\n\t\t2014\t<\/div>\n\t\t\t\t\t<h4 class=\"qodef-e-title\">\n\t\tAUSZEICHNUNG F\u00dcR BLICKPUNKT101\t\t<\/h4>\n\t\t\t\t\t<p class=\"qodef-e-text\">\n\t\tAllbau wird f\u00fcr das Projekt BlickPunkt101 beim Bundeswettbewerb \u201eSoziale Stadt\u201c ausgezeichnet: Familienfreundliches Wohnen in Altendorf-Nord und Bochold-S\u00fcd\t<\/p>\n\t\t\t<\/div>\n\t<\/div>\n<\/div>\n<div class=\"qodef-e qodef-e-item qodef-grid-item elementor-repeater-item-75f3d33 qodef-obverse\">\n\t<div class=\"qodef-e-line-holder\">\n\t\t<span class=\"qodef-e-line\"><\/span>\n\t\t<div class=\"qodef-e-point-holder\">\n\t\t\t<div class=\"qodef-e-point\">\n\t\t\t\t\t\t\t<\/div>\n\t\t<\/div>\n\t<\/div>\n\t<div class=\"qodef-e-item-inner\">\n\t\t<div class=\"qodef-e-top-holder\">\n\t\t\t<div class=\"qodef-e-image\">\n\t<\/div>\n\t\t<\/div>\n\t\t<div class=\"qodef-e-content-holder\">\n\t\t\t\t<div class=\"qodef-e-date\">\n\t\t2015\t<\/div>\n\t\t\t\t\t<h4 class=\"qodef-e-title\">\n\t\tINTEGRATION UND EXTERNE SPRACHMITTLER\t\t<\/h4>\n\t\t\t\t\t<p class=\"qodef-e-text\">\n\t\tGefl\u00fcchtete werden durch Wohnungsvermittlungsagentur integriert | erster Einsatz externer Sprachmittler (ab 2018 eigene Sprachmittler im Einsatz)\t<\/p>\n\t\t\t<\/div>\n\t<\/div>\n<\/div>\n<div class=\"qodef-e qodef-e-item qodef-grid-item elementor-repeater-item-80e52ed qodef-reverse\">\n\t<div class=\"qodef-e-line-holder\">\n\t\t<span class=\"qodef-e-line\"><\/span>\n\t\t<div class=\"qodef-e-point-holder\">\n\t\t\t<div class=\"qodef-e-point\">\n\t\t\t\t\t\t\t<\/div>\n\t\t<\/div>\n\t<\/div>\n\t<div class=\"qodef-e-item-inner\">\n\t\t<div class=\"qodef-e-top-holder\">\n\t\t\t<div class=\"qodef-e-image\">\n\t<\/div>\n\t\t<\/div>\n\t\t<div class=\"qodef-e-content-holder\">\n\t\t\t\t<div class=\"qodef-e-date\">\n\t\t2015\t<\/div>\n\t\t\t\t\t<h4 class=\"qodef-e-title\">\n\t\tERSTE SCHULPATENSCHAFTEN\t\t<\/h4>\n\t\t\t\t\t<p class=\"qodef-e-text\">\n\t\tKooperationen mit der Grundschule am Wasserturm und der H\u00fcttmannschule\t<\/p>\n\t\t\t<\/div>\n\t<\/div>\n<\/div>\n<div class=\"qodef-e qodef-e-item qodef-grid-item elementor-repeater-item-146b7fc qodef-obverse\">\n\t<div class=\"qodef-e-line-holder\">\n\t\t<span class=\"qodef-e-line\"><\/span>\n\t\t<div class=\"qodef-e-point-holder\">\n\t\t\t<div class=\"qodef-e-point\">\n\t\t\t\t\t\t\t<\/div>\n\t\t<\/div>\n\t<\/div>\n\t<div class=\"qodef-e-item-inner\">\n\t\t<div class=\"qodef-e-top-holder\">\n\t\t\t<div class=\"qodef-e-image\">\n\t<\/div>\n\t\t<\/div>\n\t\t<div class=\"qodef-e-content-holder\">\n\t\t\t\t<div class=\"qodef-e-date\">\n\t\t2016\t<\/div>\n\t\t\t\t\t<h4 class=\"qodef-e-title\">\n\t\tDAS SOZIALMANAGEMENT W\u00c4CHST\t\t<\/h4>\n\t\t\t\t\t<p class=\"qodef-e-text\">\n\t\tGezieltere Ausrichtung auf spezifische Nachbarschaftsbedarfe und Jannica Wiesweg-B\u00f6ttcher verst\u00e4rkt als Kinderbeauftragte das Team auf vier Sozialmanager\t<\/p>\n\t\t\t<\/div>\n\t<\/div>\n<\/div>\n<div class=\"qodef-e qodef-e-item qodef-grid-item elementor-repeater-item-2fdabb7 qodef-reverse\">\n\t<div class=\"qodef-e-line-holder\">\n\t\t<span class=\"qodef-e-line\"><\/span>\n\t\t<div class=\"qodef-e-point-holder\">\n\t\t\t<div class=\"qodef-e-point\">\n\t\t\t\t\t\t\t<\/div>\n\t\t<\/div>\n\t<\/div>\n\t<div class=\"qodef-e-item-inner\">\n\t\t<div class=\"qodef-e-top-holder\">\n\t\t\t<div class=\"qodef-e-image\">\n\t<\/div>\n\t\t<\/div>\n\t\t<div class=\"qodef-e-content-holder\">\n\t\t\t\t<div class=\"qodef-e-date\">\n\t\t2019\t<\/div>\n\t\t\t\t\t<h4 class=\"qodef-e-title\">\n\t\t100 JAHRE ALLBAU\t\t<\/h4>\n\t\t\t\t\t<p class=\"qodef-e-text\">\n\t\tAusbau von NachbarschaftPlus im Jubil\u00e4umsjahr, z. B. mit dem Caf\u00e9Mobil und zahlreichen Aktionen in den Quartieren\t<\/p>\n\t\t\t<\/div>\n\t<\/div>\n<\/div>\n<div class=\"qodef-e qodef-e-item qodef-grid-item elementor-repeater-item-826d8f7 qodef-obverse\">\n\t<div class=\"qodef-e-line-holder\">\n\t\t<span class=\"qodef-e-line\"><\/span>\n\t\t<div class=\"qodef-e-point-holder\">\n\t\t\t<div class=\"qodef-e-point\">\n\t\t\t\t\t\t\t<\/div>\n\t\t<\/div>\n\t<\/div>\n\t<div class=\"qodef-e-item-inner\">\n\t\t<div class=\"qodef-e-top-holder\">\n\t\t\t<div class=\"qodef-e-image\">\n\t<\/div>\n\t\t<\/div>\n\t\t<div class=\"qodef-e-content-holder\">\n\t\t\t\t<div class=\"qodef-e-date\">\n\t\t2020\t<\/div>\n\t\t\t\t\t<h4 class=\"qodef-e-title\">\n\t\tDIVERSE CORONA-AKTIONEN\t\t<\/h4>\n\t\t\t\t\t<p class=\"qodef-e-text\">\n\t\tQuartiers-Aktionen wie \u201eSommerZauber\u201c und weitere kreative Ans\u00e4tze zur Unterst\u00fctzung in der Pandemie | Einf\u00fchrung erster Kinderb\u00fccherschr\u00e4nke mit begleitenden Patenschaften\t<\/p>\n\t\t\t<\/div>\n\t<\/div>\n<\/div>\n<div class=\"qodef-e qodef-e-item qodef-grid-item elementor-repeater-item-f920daa qodef-reverse\">\n\t<div class=\"qodef-e-line-holder\">\n\t\t<span class=\"qodef-e-line\"><\/span>\n\t\t<div class=\"qodef-e-point-holder\">\n\t\t\t<div class=\"qodef-e-point\">\n\t\t\t\t\t\t\t<\/div>\n\t\t<\/div>\n\t<\/div>\n\t<div class=\"qodef-e-item-inner\">\n\t\t<div class=\"qodef-e-top-holder\">\n\t\t\t<div class=\"qodef-e-image\">\n\t<\/div>\n\t\t<\/div>\n\t\t<div class=\"qodef-e-content-holder\">\n\t\t\t\t<div class=\"qodef-e-date\">\n\t\t2020\/2021\t<\/div>\n\t\t\t\t\t<h4 class=\"qodef-e-title\">\n\t\tTIERISCHE NACHBARN\t\t<\/h4>\n\t\t\t\t\t<p class=\"qodef-e-text\">\n\t\tStart der Tier-Projekte: H\u00fchner und Schafe ziehen erstmals f\u00fcr ein paar Wochen in verschiedene Quartiere, um Nachbarn zusammen- und Kindern den verantwortungsvollen Umgang n\u00e4herzubringen\t<\/p>\n\t\t\t<\/div>\n\t<\/div>\n<\/div>\n<div class=\"qodef-e qodef-e-item qodef-grid-item elementor-repeater-item-9c614dc qodef-obverse\">\n\t<div class=\"qodef-e-line-holder\">\n\t\t<span class=\"qodef-e-line\"><\/span>\n\t\t<div class=\"qodef-e-point-holder\">\n\t\t\t<div class=\"qodef-e-point\">\n\t\t\t\t\t\t\t<\/div>\n\t\t<\/div>\n\t<\/div>\n\t<div class=\"qodef-e-item-inner\">\n\t\t<div class=\"qodef-e-top-holder\">\n\t\t\t<div class=\"qodef-e-image\">\n\t<\/div>\n\t\t<\/div>\n\t\t<div class=\"qodef-e-content-holder\">\n\t\t\t\t<div class=\"qodef-e-date\">\n\t\t2022\/2024\t<\/div>\n\t\t\t\t\t<h4 class=\"qodef-e-title\">\n\t\tPREISE F\u00dcR STORP9\t\t<\/h4>\n\t\t\t\t\t<p class=\"qodef-e-text\">\n\t\t2002: Storp9 und Kooperationspartner werden mit dem Essener Solidarit\u00e4tspreis ausgezeichnet | 2004: Das Repair-Caf\u00e9 des Storp9 wird mit dem \u201eWIR F\u00f6rderpreis\u201c ausgezeichnet\t<\/p>\n\t\t\t<\/div>\n\t<\/div>\n<\/div>\n<div class=\"qodef-e qodef-e-item qodef-grid-item elementor-repeater-item-b3da69a qodef-reverse\">\n\t<div class=\"qodef-e-line-holder\">\n\t\t<span class=\"qodef-e-line\"><\/span>\n\t\t<div class=\"qodef-e-point-holder\">\n\t\t\t<div class=\"qodef-e-point\">\n\t\t\t\t\t\t\t<\/div>\n\t\t<\/div>\n\t<\/div>\n\t<div class=\"qodef-e-item-inner\">\n\t\t<div class=\"qodef-e-top-holder\">\n\t\t\t<div class=\"qodef-e-image\">\n\t<\/div>\n\t\t<\/div>\n\t\t<div class=\"qodef-e-content-holder\">\n\t\t\t\t<div class=\"qodef-e-date\">\n\t\t2024\t<\/div>\n\t\t\t\t\t<h4 class=\"qodef-e-title\">\n\t\tUMNUTZUNG ALLBAUPUNKTE &amp; ALLBAU-SOZIALSTRATEGIE\t\t<\/h4>\n\t\t\t\t\t<p class=\"qodef-e-text\">\n\t\tEinbindung der AllbauPunkte in die Quartiersarbeit, sie werden Anlaufstelle und Begegnungsort f\u00fcr Anwohner | Die Allbau-Sozialstrategie b\u00fcndelt und bewertet \u00fcber 60 Projekte des Sozialmanagements, um eine Zielverfolgung auch hinsichtlich Nachhaltigkeit zu erm\u00f6glichen\t<\/p>\n\t\t\t<\/div>\n\t<\/div>\n<\/div>\n\t<\/div>\n<\/div>\n\t\t\t\t<\/div>\n\t\t\t\t<\/div>\n\t\t\t\t\t<\/div>\n\t\t\t\t<\/div>\n\t\t<div class=\"elementor-element elementor-element-aed7d81 e-flex e-con-boxed e-con e-parent\" data-id=\"aed7d81\" data-element_type=\"container\" data-settings=\"{&quot;background_background&quot;:&quot;classic&quot;}\">\n\t\t\t\t\t<div class=\"e-con-inner\">\n\t\t\t\t<div class=\"elementor-element elementor-element-9f52f5a elementor-hidden-mobile elementor-widget elementor-widget-heading\" data-id=\"9f52f5a\" data-element_type=\"widget\" data-widget_type=\"heading.default\">\n\t\t\t\t<div class=\"elementor-widget-container\">\n\t\t\t\t\t<h2 class=\"elementor-heading-title elementor-size-default\">Soziale Arbeit in der Wohnungswirtschaft<\/h2>\t\t\t\t<\/div>\n\t\t\t\t<\/div>\n\t\t\t\t<div class=\"elementor-element elementor-element-02cae0e elementor-hidden-desktop elementor-hidden-tablet elementor-widget elementor-widget-heading\" data-id=\"02cae0e\" data-element_type=\"widget\" data-widget_type=\"heading.default\">\n\t\t\t\t<div class=\"elementor-widget-container\">\n\t\t\t\t\t<h2 class=\"elementor-heading-title elementor-size-default\">Soziale Arbeit in der Wohnungs-wirtschaft<\/h2>\t\t\t\t<\/div>\n\t\t\t\t<\/div>\n\t\t\t\t<div class=\"elementor-element elementor-element-ddbfc80 elementor-widget elementor-widget-heading\" data-id=\"ddbfc80\" data-element_type=\"widget\" data-widget_type=\"heading.default\">\n\t\t\t\t<div class=\"elementor-widget-container\">\n\t\t\t\t\t<h2 class=\"elementor-heading-title elementor-size-default\">Im Interview: Allbau-Gesch\u00e4ftsf\u00fchrer Dirk Miklikowski und VdW-Verbandsdirektor Alexander Rychter<\/h2>\t\t\t\t<\/div>\n\t\t\t\t<\/div>\n\t\t<div class=\"elementor-element elementor-element-0180fbc e-con-full e-flex e-con e-child\" data-id=\"0180fbc\" data-element_type=\"container\">\n\t\t\t\t<div class=\"elementor-element elementor-element-87dd91a elementor-widget elementor-widget-video\" data-id=\"87dd91a\" data-element_type=\"widget\" data-settings=\"{&quot;youtube_url&quot;:&quot;https:\\\/\\\/youtu.be\\\/A7-UJ4CCgJM&quot;,&quot;video_type&quot;:&quot;youtube&quot;,&quot;controls&quot;:&quot;yes&quot;}\" data-widget_type=\"video.default\">\n\t\t\t\t<div class=\"elementor-widget-container\">\n\t\t\t\t\t\t\t<div class=\"elementor-wrapper elementor-open-inline\">\n\t\t\t<div class=\"elementor-video\"><\/div>\t\t<\/div>\n\t\t\t\t\t\t<\/div>\n\t\t\t\t<\/div>\n\t\t\t\t<div class=\"elementor-element elementor-element-b8c41b8 elementor-hidden-desktop elementor-hidden-tablet elementor-hidden-mobile elementor-widget elementor-widget-heading\" data-id=\"b8c41b8\" data-element_type=\"widget\" data-widget_type=\"heading.default\">\n\t\t\t\t<div class=\"elementor-widget-container\">\n\t\t\t\t\t<h2 class=\"elementor-heading-title elementor-size-default\">4 Gesichter. 25 Jahre. 1 Miteinander.<\/h2>\t\t\t\t<\/div>\n\t\t\t\t<\/div>\n\t\t\t\t<div class=\"elementor-element elementor-element-f177c5a elementor-hidden-desktop elementor-hidden-tablet elementor-hidden-mobile elementor-widget elementor-widget-heading\" data-id=\"f177c5a\" data-element_type=\"widget\" data-widget_type=\"heading.default\">\n\t\t\t\t<div class=\"elementor-widget-container\">\n\t\t\t\t\t<h2 class=\"elementor-heading-title elementor-size-default\">Einblicke in die Themen, Menschen und Geschichten des Sozialmanagements<\/h2>\t\t\t\t<\/div>\n\t\t\t\t<\/div>\n\t\t<div class=\"elementor-element elementor-element-17065be e-grid e-con-full elementor-hidden-desktop elementor-hidden-tablet elementor-hidden-mobile e-con e-child\" data-id=\"17065be\" data-element_type=\"container\">\n\t\t\t\t<div class=\"elementor-element elementor-element-d9a88b8 elementor-widget elementor-widget-video\" data-id=\"d9a88b8\" data-element_type=\"widget\" data-settings=\"{&quot;youtube_url&quot;:&quot;https:\\\/\\\/www.youtube.com\\\/watch?v=XHOmBV4js_E&quot;,&quot;video_type&quot;:&quot;youtube&quot;,&quot;controls&quot;:&quot;yes&quot;}\" data-widget_type=\"video.default\">\n\t\t\t\t<div class=\"elementor-widget-container\">\n\t\t\t\t\t\t\t<div class=\"elementor-wrapper elementor-open-inline\">\n\t\t\t<div class=\"elementor-video\"><\/div>\t\t<\/div>\n\t\t\t\t\t\t<\/div>\n\t\t\t\t<\/div>\n\t\t\t\t<div class=\"elementor-element elementor-element-80ae94f elementor-widget elementor-widget-video\" data-id=\"80ae94f\" data-element_type=\"widget\" data-settings=\"{&quot;youtube_url&quot;:&quot;https:\\\/\\\/www.youtube.com\\\/watch?v=XHOmBV4js_E&quot;,&quot;video_type&quot;:&quot;youtube&quot;,&quot;controls&quot;:&quot;yes&quot;}\" data-widget_type=\"video.default\">\n\t\t\t\t<div class=\"elementor-widget-container\">\n\t\t\t\t\t\t\t<div class=\"elementor-wrapper elementor-open-inline\">\n\t\t\t<div class=\"elementor-video\"><\/div>\t\t<\/div>\n\t\t\t\t\t\t<\/div>\n\t\t\t\t<\/div>\n\t\t\t\t<div class=\"elementor-element elementor-element-c0d093b elementor-widget elementor-widget-video\" data-id=\"c0d093b\" data-element_type=\"widget\" data-settings=\"{&quot;youtube_url&quot;:&quot;https:\\\/\\\/www.youtube.com\\\/watch?v=XHOmBV4js_E&quot;,&quot;video_type&quot;:&quot;youtube&quot;,&quot;controls&quot;:&quot;yes&quot;}\" data-widget_type=\"video.default\">\n\t\t\t\t<div class=\"elementor-widget-container\">\n\t\t\t\t\t\t\t<div class=\"elementor-wrapper elementor-open-inline\">\n\t\t\t<div class=\"elementor-video\"><\/div>\t\t<\/div>\n\t\t\t\t\t\t<\/div>\n\t\t\t\t<\/div>\n\t\t\t\t<div class=\"elementor-element elementor-element-4707540 elementor-hidden-tablet elementor-widget elementor-widget-video\" data-id=\"4707540\" data-element_type=\"widget\" data-settings=\"{&quot;youtube_url&quot;:&quot;https:\\\/\\\/www.youtube.com\\\/watch?v=XHOmBV4js_E&quot;,&quot;video_type&quot;:&quot;youtube&quot;,&quot;controls&quot;:&quot;yes&quot;}\" data-widget_type=\"video.default\">\n\t\t\t\t<div class=\"elementor-widget-container\">\n\t\t\t\t\t\t\t<div class=\"elementor-wrapper elementor-open-inline\">\n\t\t\t<div class=\"elementor-video\"><\/div>\t\t<\/div>\n\t\t\t\t\t\t<\/div>\n\t\t\t\t<\/div>\n\t\t\t\t<\/div>\n\t\t\t\t<\/div>\n\t\t\t\t\t<\/div>\n\t\t\t\t<\/div>\n\t\t<div class=\"elementor-element elementor-element-31288f7 e-flex e-con-boxed e-con e-parent\" data-id=\"31288f7\" data-element_type=\"container\" data-settings=\"{&quot;background_background&quot;:&quot;classic&quot;}\">\n\t\t\t\t\t<div class=\"e-con-inner\">\n\t\t\t\t<div class=\"elementor-element elementor-element-6c76428 elementor-widget elementor-widget-image\" data-id=\"6c76428\" data-element_type=\"widget\" data-widget_type=\"image.default\">\n\t\t\t\t<div class=\"elementor-widget-container\">\n\t\t\t\t\t\t\t\t\t\t\t\t\t\t\t<img decoding=\"async\" width=\"800\" height=\"565\" src=\"https:\/\/allbau.net\/25_Jahre_Sozialmanagement\/wp-content\/uploads\/2025\/04\/25Jahre-Sozialmanagement_Logo_CMYK.png\" class=\"attachment-large size-large wp-image-28\" alt=\"Logo von Allbau zum 25-j\u00e4hrigen Jubil\u00e4um des Sozialmanagements, mit einem gr\u00fcnen Herz und der Zahl 25 in Blau, darunter der Schriftzug &#039;Jahre Sozialmanagement&#039;.\" srcset=\"https:\/\/allbau.net\/25_Jahre_Sozialmanagement\/wp-content\/uploads\/2025\/04\/25Jahre-Sozialmanagement_Logo_CMYK.png 842w, https:\/\/allbau.net\/25_Jahre_Sozialmanagement\/wp-content\/uploads\/2025\/04\/25Jahre-Sozialmanagement_Logo_CMYK-300x212.png 300w, https:\/\/allbau.net\/25_Jahre_Sozialmanagement\/wp-content\/uploads\/2025\/04\/25Jahre-Sozialmanagement_Logo_CMYK-768x543.png 768w\" sizes=\"(max-width: 800px) 100vw, 800px\" \/>\t\t\t\t\t\t\t\t\t\t\t\t\t\t\t<\/div>\n\t\t\t\t<\/div>\n\t\t<div class=\"elementor-element elementor-element-cad542d e-con-full e-flex e-con e-child\" data-id=\"cad542d\" data-element_type=\"container\" data-settings=\"{&quot;background_background&quot;:&quot;classic&quot;}\">\n\t\t<div class=\"elementor-element elementor-element-07390f5 e-con-full e-flex e-con e-child\" data-id=\"07390f5\" data-element_type=\"container\">\n\t\t<div class=\"elementor-element elementor-element-ed9aeeb e-con-full e-flex e-con e-child\" data-id=\"ed9aeeb\" data-element_type=\"container\">\n\t\t\t\t<div class=\"elementor-element elementor-element-355b1b1 elementor-widget elementor-widget-heading\" data-id=\"355b1b1\" data-element_type=\"widget\" data-widget_type=\"heading.default\">\n\t\t\t\t<div class=\"elementor-widget-container\">\n\t\t\t\t\t<h2 class=\"elementor-heading-title elementor-size-default\">Allbau gr\u00fcndet SozialStiftung<\/h2>\t\t\t\t<\/div>\n\t\t\t\t<\/div>\n\t\t\t\t<div class=\"elementor-element elementor-element-bc03939 elementor-widget elementor-widget-text-editor\" data-id=\"bc03939\" data-element_type=\"widget\" data-widget_type=\"text-editor.default\">\n\t\t\t\t<div class=\"elementor-widget-container\">\n\t\t\t\t\t\t\t\t\t<p style=\"font-weight: 400;\">Soziale Arbeit in den Quartieren will finanziert sein \u2013 aber sowohl die Kommune als auch Kooperationspartner sind chronisch knapp bei Kasse. Um die Arbeit des Sozialmanagements unter diesen schwierigen Bedingungen wirtschaftlich abzusichern, hat der Allbau jetzt eine Stiftung gegr\u00fcndet.<\/p><p style=\"font-weight: 400;\">Unterst\u00fctzung f\u00fcr Jugendliche und Senioren sowie F\u00f6rderung b\u00fcrgerschaftlichen Engagements in den Allbau-Quartieren: Das ist der in der Satzung festgeschriebene Zweck der neuen AllbauSozialstiftung, und nur daf\u00fcr darf sie ihr Geld einsetzen. Finanziert wird die Stiftung durch Zuwendungen des Allbau und durch Spenden.<\/p>\t\t\t\t\t\t\t\t<\/div>\n\t\t\t\t<\/div>\n\t\t\t\t<\/div>\n\t\t\t\t<\/div>\n\t\t\t\t<\/div>\n\t\t\t\t\t<\/div>\n\t\t\t\t<\/div>\n\t\t<div class=\"elementor-element elementor-element-fdc0238 e-flex e-con-boxed e-con e-parent\" data-id=\"fdc0238\" data-element_type=\"container\">\n\t\t\t\t\t<div class=\"e-con-inner\">\n\t\t<div class=\"elementor-element elementor-element-6abbb8d e-con-full e-flex e-con e-child\" data-id=\"6abbb8d\" data-element_type=\"container\">\n\t\t\t\t<div class=\"elementor-element elementor-element-1c92000 elementor-widget elementor-widget-gallery\" data-id=\"1c92000\" data-element_type=\"widget\" data-settings=\"{&quot;gallery_layout&quot;:&quot;justified&quot;,&quot;image_hover_animation&quot;:&quot;grow&quot;,&quot;background_overlay_hover_animation&quot;:&quot;enter-from-right&quot;,&quot;lazyload&quot;:&quot;yes&quot;,&quot;ideal_row_height&quot;:{&quot;unit&quot;:&quot;px&quot;,&quot;size&quot;:200,&quot;sizes&quot;:[]},&quot;ideal_row_height_tablet&quot;:{&quot;unit&quot;:&quot;px&quot;,&quot;size&quot;:150,&quot;sizes&quot;:[]},&quot;ideal_row_height_mobile&quot;:{&quot;unit&quot;:&quot;px&quot;,&quot;size&quot;:150,&quot;sizes&quot;:[]},&quot;gap&quot;:{&quot;unit&quot;:&quot;px&quot;,&quot;size&quot;:10,&quot;sizes&quot;:[]},&quot;gap_tablet&quot;:{&quot;unit&quot;:&quot;px&quot;,&quot;size&quot;:10,&quot;sizes&quot;:[]},&quot;gap_mobile&quot;:{&quot;unit&quot;:&quot;px&quot;,&quot;size&quot;:10,&quot;sizes&quot;:[]},&quot;link_to&quot;:&quot;file&quot;,&quot;overlay_background&quot;:&quot;yes&quot;,&quot;content_hover_animation&quot;:&quot;fade-in&quot;}\" data-widget_type=\"gallery.default\">\n\t\t\t\t<div class=\"elementor-widget-container\">\n\t\t\t\t\t\t\t<div class=\"elementor-gallery__container\">\n\t\t\t\t\t\t\t<a class=\"e-gallery-item elementor-gallery-item elementor-animated-content\" href=\"https:\/\/allbau.net\/25_Jahre_Sozialmanagement\/wp-content\/uploads\/2025\/05\/2001-Hiltrud-Siepman-\u2013-erste-Sozialmanagerin.jpg\" data-elementor-open-lightbox=\"yes\" data-elementor-lightbox-slideshow=\"1c92000\" data-elementor-lightbox-title=\"Hiltrud Siepman \u2013 erste Sozialmanagerin bei Allbau\" data-e-action-hash=\"#elementor-action%3Aaction%3Dlightbox%26settings%3DeyJpZCI6MjUxLCJ1cmwiOiJodHRwczpcL1wvYWxsYmF1Lm5ldFwvMjVfSmFocmVfU296aWFsbWFuYWdlbWVudFwvd3AtY29udGVudFwvdXBsb2Fkc1wvMjAyNVwvMDVcLzIwMDEtSGlsdHJ1ZC1TaWVwbWFuLVx1MjAxMy1lcnN0ZS1Tb3ppYWxtYW5hZ2VyaW4uanBnIiwic2xpZGVzaG93IjoiMWM5MjAwMCJ9\">\n\t\t\t\t\t<div class=\"e-gallery-image elementor-gallery-item__image\" data-thumbnail=\"https:\/\/allbau.net\/25_Jahre_Sozialmanagement\/wp-content\/uploads\/2025\/05\/2001-Hiltrud-Siepman-\u2013-erste-Sozialmanagerin-300x201.jpg\" data-width=\"300\" data-height=\"201\" aria-label=\"Hiltrud Siepman l\u00e4chelt in einem professionellen Umfeld. Sie tr\u00e4gt ein dunkles Hemd und hat kurze, schwarze Haare. Der Hintergrund ist hell und neutral.\" role=\"img\" ><\/div>\n\t\t\t\t\t\t\t\t\t\t\t<div class=\"elementor-gallery-item__overlay\"><\/div>\n\t\t\t\t\t\t\t\t\t\t\t\t\t\t<\/a>\n\t\t\t\t\t\t\t<a class=\"e-gallery-item elementor-gallery-item elementor-animated-content\" href=\"https:\/\/allbau.net\/25_Jahre_Sozialmanagement\/wp-content\/uploads\/2025\/05\/2002-Annette-Giesen-wird-feste-Sozialmanagerin.jpg\" data-elementor-open-lightbox=\"yes\" data-elementor-lightbox-slideshow=\"1c92000\" data-elementor-lightbox-title=\"Annette Giesen im Sozialmanagement bei Allbau\" data-e-action-hash=\"#elementor-action%3Aaction%3Dlightbox%26settings%3DeyJpZCI6MjUyLCJ1cmwiOiJodHRwczpcL1wvYWxsYmF1Lm5ldFwvMjVfSmFocmVfU296aWFsbWFuYWdlbWVudFwvd3AtY29udGVudFwvdXBsb2Fkc1wvMjAyNVwvMDVcLzIwMDItQW5uZXR0ZS1HaWVzZW4td2lyZC1mZXN0ZS1Tb3ppYWxtYW5hZ2VyaW4uanBnIiwic2xpZGVzaG93IjoiMWM5MjAwMCJ9\">\n\t\t\t\t\t<div class=\"e-gallery-image elementor-gallery-item__image\" data-thumbnail=\"https:\/\/allbau.net\/25_Jahre_Sozialmanagement\/wp-content\/uploads\/2025\/05\/2002-Annette-Giesen-wird-feste-Sozialmanagerin-300x201.jpg\" data-width=\"300\" data-height=\"201\" aria-label=\"Annette Giesen l\u00e4chelt am Tisch, umgeben von Menschen und einem Kind. Auf dem Tisch stehen Getr\u00e4nke und Lebensmittel, die Atmosph\u00e4re ist freundlich und einladend.\" role=\"img\" ><\/div>\n\t\t\t\t\t\t\t\t\t\t\t<div class=\"elementor-gallery-item__overlay\"><\/div>\n\t\t\t\t\t\t\t\t\t\t\t\t\t\t<\/a>\n\t\t\t\t\t\t\t<a class=\"e-gallery-item elementor-gallery-item elementor-animated-content\" href=\"https:\/\/allbau.net\/25_Jahre_Sozialmanagement\/wp-content\/uploads\/2025\/05\/2005-Erste-SauberZauber-Aktion-scaled.jpg\" data-elementor-open-lightbox=\"yes\" data-elementor-lightbox-slideshow=\"1c92000\" data-elementor-lightbox-title=\"SauberZauber-Aktion 2005 mit Allbau\" data-e-action-hash=\"#elementor-action%3Aaction%3Dlightbox%26settings%3DeyJpZCI6MjUzLCJ1cmwiOiJodHRwczpcL1wvYWxsYmF1Lm5ldFwvMjVfSmFocmVfU296aWFsbWFuYWdlbWVudFwvd3AtY29udGVudFwvdXBsb2Fkc1wvMjAyNVwvMDVcLzIwMDUtRXJzdGUtU2F1YmVyWmF1YmVyLUFrdGlvbi1zY2FsZWQuanBnIiwic2xpZGVzaG93IjoiMWM5MjAwMCJ9\">\n\t\t\t\t\t<div class=\"e-gallery-image elementor-gallery-item__image\" data-thumbnail=\"https:\/\/allbau.net\/25_Jahre_Sozialmanagement\/wp-content\/uploads\/2025\/05\/2005-Erste-SauberZauber-Aktion-300x200.jpg\" data-width=\"300\" data-height=\"200\" aria-label=\"Kinder in orangefarbenen Westen sammeln M\u00fcll im Wald. Sie arbeiten gemeinsam, um die Umgebung zu reinigen. Der Boden ist mit Laub und \u00c4sten bedeckt.\" role=\"img\" ><\/div>\n\t\t\t\t\t\t\t\t\t\t\t<div class=\"elementor-gallery-item__overlay\"><\/div>\n\t\t\t\t\t\t\t\t\t\t\t\t\t\t<\/a>\n\t\t\t\t\t\t\t<a class=\"e-gallery-item elementor-gallery-item elementor-animated-content\" href=\"https:\/\/allbau.net\/25_Jahre_Sozialmanagement\/wp-content\/uploads\/2025\/05\/2005-Gruendung-von-Storp9.jpg\" data-elementor-open-lightbox=\"yes\" data-elementor-lightbox-slideshow=\"1c92000\" data-elementor-lightbox-title=\"Gr\u00fcndung von Storp9 \u2013 Haus f\u00fcr Bildung und Kultur\" data-e-action-hash=\"#elementor-action%3Aaction%3Dlightbox%26settings%3DeyJpZCI6MjU0LCJ1cmwiOiJodHRwczpcL1wvYWxsYmF1Lm5ldFwvMjVfSmFocmVfU296aWFsbWFuYWdlbWVudFwvd3AtY29udGVudFwvdXBsb2Fkc1wvMjAyNVwvMDVcLzIwMDUtR3J1ZW5kdW5nLXZvbi1TdG9ycDkuanBnIiwic2xpZGVzaG93IjoiMWM5MjAwMCJ9\">\n\t\t\t\t\t<div class=\"e-gallery-image elementor-gallery-item__image\" data-thumbnail=\"https:\/\/allbau.net\/25_Jahre_Sozialmanagement\/wp-content\/uploads\/2025\/05\/2005-Gruendung-von-Storp9-300x243.jpg\" data-width=\"300\" data-height=\"243\" aria-label=\"Gruppenfoto von Partnern und Unterst\u00fctzern vor dem Storp9 Geb\u00e4ude, das in bunten Farben gestaltet ist. Die Personen stehen l\u00e4chelnd zusammen, einige tragen formelle Kleidung, andere sind leger gekleidet. Die Stimmung ist freundlich und festlich.\" role=\"img\" ><\/div>\n\t\t\t\t\t\t\t\t\t\t\t<div class=\"elementor-gallery-item__overlay\"><\/div>\n\t\t\t\t\t\t\t\t\t\t\t\t\t\t<\/a>\n\t\t\t\t\t\t\t<a class=\"e-gallery-item elementor-gallery-item elementor-animated-content\" href=\"https:\/\/allbau.net\/25_Jahre_Sozialmanagement\/wp-content\/uploads\/2025\/05\/2007-Michael-Minuth-wird-dritter-Sozialmanager.jpg\" data-elementor-open-lightbox=\"yes\" data-elementor-lightbox-slideshow=\"1c92000\" data-elementor-lightbox-title=\"Michael Minuth im Sozialmanagement bei Allbau\" data-e-action-hash=\"#elementor-action%3Aaction%3Dlightbox%26settings%3DeyJpZCI6MjU1LCJ1cmwiOiJodHRwczpcL1wvYWxsYmF1Lm5ldFwvMjVfSmFocmVfU296aWFsbWFuYWdlbWVudFwvd3AtY29udGVudFwvdXBsb2Fkc1wvMjAyNVwvMDVcLzIwMDctTWljaGFlbC1NaW51dGgtd2lyZC1kcml0dGVyLVNvemlhbG1hbmFnZXIuanBnIiwic2xpZGVzaG93IjoiMWM5MjAwMCJ9\">\n\t\t\t\t\t<div class=\"e-gallery-image elementor-gallery-item__image\" data-thumbnail=\"https:\/\/allbau.net\/25_Jahre_Sozialmanagement\/wp-content\/uploads\/2025\/05\/2007-Michael-Minuth-wird-dritter-Sozialmanager-300x182.jpg\" data-width=\"300\" data-height=\"182\" aria-label=\"Michael Minuth und eine Kollegin arbeiten mit Kindern an einem Tisch. Die Kinder sind kreativ besch\u00e4ftigt, w\u00e4hrend im Hintergrund bunte Fensterdekoration zu sehen ist.\" role=\"img\" ><\/div>\n\t\t\t\t\t\t\t\t\t\t\t<div class=\"elementor-gallery-item__overlay\"><\/div>\n\t\t\t\t\t\t\t\t\t\t\t\t\t\t<\/a>\n\t\t\t\t\t\t\t<a class=\"e-gallery-item elementor-gallery-item elementor-animated-content\" href=\"https:\/\/allbau.net\/25_Jahre_Sozialmanagement\/wp-content\/uploads\/2025\/05\/2009-Verleihung-des-Preises-Stadt-Bauen.-Stadt-leben-scaled.jpg\" data-elementor-open-lightbox=\"yes\" data-elementor-lightbox-slideshow=\"1c92000\" data-elementor-lightbox-title=\"Preisverleihung Stadt bauen Stadt leben 2009\" data-e-action-hash=\"#elementor-action%3Aaction%3Dlightbox%26settings%3DeyJpZCI6MjU2LCJ1cmwiOiJodHRwczpcL1wvYWxsYmF1Lm5ldFwvMjVfSmFocmVfU296aWFsbWFuYWdlbWVudFwvd3AtY29udGVudFwvdXBsb2Fkc1wvMjAyNVwvMDVcLzIwMDktVmVybGVpaHVuZy1kZXMtUHJlaXNlcy1TdGFkdC1CYXVlbi4tU3RhZHQtbGViZW4tc2NhbGVkLmpwZyIsInNsaWRlc2hvdyI6IjFjOTIwMDAifQ%3D%3D\">\n\t\t\t\t\t<div class=\"e-gallery-image elementor-gallery-item__image\" data-thumbnail=\"https:\/\/allbau.net\/25_Jahre_Sozialmanagement\/wp-content\/uploads\/2025\/05\/2009-Verleihung-des-Preises-Stadt-Bauen.-Stadt-leben-300x200.jpg\" data-width=\"300\" data-height=\"200\" aria-label=\"Verleihung des Nationalen Preises f\u00fcr integrierte Stadtentwicklung. Personen auf der B\u00fchne, ein Preistr\u00e4ger h\u00e4lt eine Urkunde, freundliche Stimmung, Hintergrund mit Schriftzug &#039;Stadt bauen. Stadt leben.&#039;\" role=\"img\" ><\/div>\n\t\t\t\t\t\t\t\t\t\t\t<div class=\"elementor-gallery-item__overlay\"><\/div>\n\t\t\t\t\t\t\t\t\t\t\t\t\t\t<\/a>\n\t\t\t\t\t\t\t<a class=\"e-gallery-item elementor-gallery-item elementor-animated-content\" href=\"https:\/\/allbau.net\/25_Jahre_Sozialmanagement\/wp-content\/uploads\/2025\/05\/2011-Frauenwohnprojekt-Beginenhof.jpg\" data-elementor-open-lightbox=\"yes\" data-elementor-lightbox-slideshow=\"1c92000\" data-elementor-lightbox-title=\"Frauenwohnprojekt Beginenhof - Gemeinschaftsveranstaltung\" data-e-action-hash=\"#elementor-action%3Aaction%3Dlightbox%26settings%3DeyJpZCI6MjU3LCJ1cmwiOiJodHRwczpcL1wvYWxsYmF1Lm5ldFwvMjVfSmFocmVfU296aWFsbWFuYWdlbWVudFwvd3AtY29udGVudFwvdXBsb2Fkc1wvMjAyNVwvMDVcLzIwMTEtRnJhdWVud29obnByb2pla3QtQmVnaW5lbmhvZi5qcGciLCJzbGlkZXNob3ciOiIxYzkyMDAwIn0%3D\">\n\t\t\t\t\t<div class=\"e-gallery-image elementor-gallery-item__image\" data-thumbnail=\"https:\/\/allbau.net\/25_Jahre_Sozialmanagement\/wp-content\/uploads\/2025\/05\/2011-Frauenwohnprojekt-Beginenhof-300x200.jpg\" data-width=\"300\" data-height=\"200\" aria-label=\"Menschen versammeln sich in einem Wohnprojekt, umgeben von bunten F\u00e4hnchen und St\u00e4nden. Eine freundliche Atmosph\u00e4re mit G\u00e4sten unterschiedlichen Alters, die sich unterhalten und an Aktivit\u00e4ten teilnehmen.\" role=\"img\" ><\/div>\n\t\t\t\t\t\t\t\t\t\t\t<div class=\"elementor-gallery-item__overlay\"><\/div>\n\t\t\t\t\t\t\t\t\t\t\t\t\t\t<\/a>\n\t\t\t\t\t\t\t<a class=\"e-gallery-item elementor-gallery-item elementor-animated-content\" href=\"https:\/\/allbau.net\/25_Jahre_Sozialmanagement\/wp-content\/uploads\/2025\/05\/2012-100-Wohnungen-fuer-Gefluechtete-erster-Concierge-Service-scaled.jpg\" data-elementor-open-lightbox=\"yes\" data-elementor-lightbox-slideshow=\"1c92000\" data-elementor-lightbox-title=\"Concierge-Service f\u00fcr Fl\u00fcchtlinge bei Allbau\" data-e-action-hash=\"#elementor-action%3Aaction%3Dlightbox%26settings%3DeyJpZCI6MjU4LCJ1cmwiOiJodHRwczpcL1wvYWxsYmF1Lm5ldFwvMjVfSmFocmVfU296aWFsbWFuYWdlbWVudFwvd3AtY29udGVudFwvdXBsb2Fkc1wvMjAyNVwvMDVcLzIwMTItMTAwLVdvaG51bmdlbi1mdWVyLUdlZmx1ZWNodGV0ZS1lcnN0ZXItQ29uY2llcmdlLVNlcnZpY2Utc2NhbGVkLmpwZyIsInNsaWRlc2hvdyI6IjFjOTIwMDAifQ%3D%3D\">\n\t\t\t\t\t<div class=\"e-gallery-image elementor-gallery-item__image\" data-thumbnail=\"https:\/\/allbau.net\/25_Jahre_Sozialmanagement\/wp-content\/uploads\/2025\/05\/2012-100-Wohnungen-fuer-Gefluechtete-erster-Concierge-Service-300x200.jpg\" data-width=\"300\" data-height=\"200\" aria-label=\"Drei M\u00e4nner stehen in einem Raum mit einem Wandbild im Hintergrund. Der Mann in der Mitte tr\u00e4gt ein gr\u00fcnes Shirt mit dem Logo von Allbau. Die Stimmung ist freundlich und kooperativ.\" role=\"img\" ><\/div>\n\t\t\t\t\t\t\t\t\t\t\t<div class=\"elementor-gallery-item__overlay\"><\/div>\n\t\t\t\t\t\t\t\t\t\t\t\t\t\t<\/a>\n\t\t\t\t\t\t\t<a class=\"e-gallery-item elementor-gallery-item elementor-animated-content\" href=\"https:\/\/allbau.net\/25_Jahre_Sozialmanagement\/wp-content\/uploads\/2025\/05\/2014-Auszeichnung-beim-Bundeswettbewerb-Soziale-Stadt.jpg\" data-elementor-open-lightbox=\"yes\" data-elementor-lightbox-slideshow=\"1c92000\" data-elementor-lightbox-title=\"Auszeichnung beim Bundeswettbewerb Soziale Stadt\" data-e-action-hash=\"#elementor-action%3Aaction%3Dlightbox%26settings%3DeyJpZCI6MjU5LCJ1cmwiOiJodHRwczpcL1wvYWxsYmF1Lm5ldFwvMjVfSmFocmVfU296aWFsbWFuYWdlbWVudFwvd3AtY29udGVudFwvdXBsb2Fkc1wvMjAyNVwvMDVcLzIwMTQtQXVzemVpY2hudW5nLWJlaW0tQnVuZGVzd2V0dGJld2VyYi1Tb3ppYWxlLVN0YWR0LmpwZyIsInNsaWRlc2hvdyI6IjFjOTIwMDAifQ%3D%3D\">\n\t\t\t\t\t<div class=\"e-gallery-image elementor-gallery-item__image\" data-thumbnail=\"https:\/\/allbau.net\/25_Jahre_Sozialmanagement\/wp-content\/uploads\/2025\/05\/2014-Auszeichnung-beim-Bundeswettbewerb-Soziale-Stadt-300x204.jpg\" data-width=\"300\" data-height=\"204\" aria-label=\"Gruppenfoto von Mitarbeitern und Partnern der Allbau GmbH vor dem Stadtteilb\u00fcro BlickPunkt 101 in Altenrath. Die Stimmung ist freundlich, alle l\u00e4cheln. Im Hintergrund ist das Geb\u00e4ude und ein Schild mit dem Namen des B\u00fcros sichtbar.\" role=\"img\" ><\/div>\n\t\t\t\t\t\t\t\t\t\t\t<div class=\"elementor-gallery-item__overlay\"><\/div>\n\t\t\t\t\t\t\t\t\t\t\t\t\t\t<\/a>\n\t\t\t\t\t\t\t<a class=\"e-gallery-item elementor-gallery-item elementor-animated-content\" href=\"https:\/\/allbau.net\/25_Jahre_Sozialmanagement\/wp-content\/uploads\/2025\/05\/2019-100-Jahre-Allbau-scaled.jpg\" data-elementor-open-lightbox=\"yes\" data-elementor-lightbox-slideshow=\"1c92000\" data-elementor-lightbox-title=\"100 Jahre Allbau: Feierliche Veranstaltung mit Partnern\" data-e-action-hash=\"#elementor-action%3Aaction%3Dlightbox%26settings%3DeyJpZCI6MjYwLCJ1cmwiOiJodHRwczpcL1wvYWxsYmF1Lm5ldFwvMjVfSmFocmVfU296aWFsbWFuYWdlbWVudFwvd3AtY29udGVudFwvdXBsb2Fkc1wvMjAyNVwvMDVcLzIwMTktMTAwLUphaHJlLUFsbGJhdS1zY2FsZWQuanBnIiwic2xpZGVzaG93IjoiMWM5MjAwMCJ9\">\n\t\t\t\t\t<div class=\"e-gallery-image elementor-gallery-item__image\" data-thumbnail=\"https:\/\/allbau.net\/25_Jahre_Sozialmanagement\/wp-content\/uploads\/2025\/05\/2019-100-Jahre-Allbau-300x200.jpg\" data-width=\"300\" data-height=\"200\" aria-label=\"Vertreter der Allbau Wohnungsbaugesellschaft und Partnerunternehmen stehen l\u00e4chelnd zusammen. Sie halten Dokumente und Brosch\u00fcren in den H\u00e4nden, umgeben von Blumenarrangements. Die Stimmung ist festlich und professionell.\" role=\"img\" ><\/div>\n\t\t\t\t\t\t\t\t\t\t\t<div class=\"elementor-gallery-item__overlay\"><\/div>\n\t\t\t\t\t\t\t\t\t\t\t\t\t\t<\/a>\n\t\t\t\t\t\t\t<a class=\"e-gallery-item elementor-gallery-item elementor-animated-content\" href=\"https:\/\/allbau.net\/25_Jahre_Sozialmanagement\/wp-content\/uploads\/2025\/05\/2020-Corona-Aktionen-\u2013-erste-Kinderbuecherschraenke-scaled.jpg\" data-elementor-open-lightbox=\"yes\" data-elementor-lightbox-slideshow=\"1c92000\" data-elementor-lightbox-title=\"Erste Kinderbuchschr\u00e4nke von Allbau\" data-e-action-hash=\"#elementor-action%3Aaction%3Dlightbox%26settings%3DeyJpZCI6MjYxLCJ1cmwiOiJodHRwczpcL1wvYWxsYmF1Lm5ldFwvMjVfSmFocmVfU296aWFsbWFuYWdlbWVudFwvd3AtY29udGVudFwvdXBsb2Fkc1wvMjAyNVwvMDVcLzIwMjAtQ29yb25hLUFrdGlvbmVuLVx1MjAxMy1lcnN0ZS1LaW5kZXJidWVjaGVyc2NocmFlbmtlLXNjYWxlZC5qcGciLCJzbGlkZXNob3ciOiIxYzkyMDAwIn0%3D\">\n\t\t\t\t\t<div class=\"e-gallery-image elementor-gallery-item__image\" data-thumbnail=\"https:\/\/allbau.net\/25_Jahre_Sozialmanagement\/wp-content\/uploads\/2025\/05\/2020-Corona-Aktionen-\u2013-erste-Kinderbuecherschraenke-200x300.jpg\" data-width=\"200\" data-height=\"300\" aria-label=\"Ein Junge sitzt auf einer modernen Sitzbank und liest ein Kinderbuch. Im Hintergrund stehen Erwachsene und Kinder, einige tragen Masken. Die Umgebung ist gr\u00fcn und freundlich gestaltet.\" role=\"img\" ><\/div>\n\t\t\t\t\t\t\t\t\t\t\t<div class=\"elementor-gallery-item__overlay\"><\/div>\n\t\t\t\t\t\t\t\t\t\t\t\t\t\t<\/a>\n\t\t\t\t\t\t\t<a class=\"e-gallery-item elementor-gallery-item elementor-animated-content\" href=\"https:\/\/allbau.net\/25_Jahre_Sozialmanagement\/wp-content\/uploads\/2025\/05\/2021-Erstes-Schafprojekt-im-Quartier-scaled.jpg\" data-elementor-open-lightbox=\"yes\" data-elementor-lightbox-slideshow=\"1c92000\" data-elementor-lightbox-title=\"Erstes Schafprojekt im Quartier von Allbau\" data-e-action-hash=\"#elementor-action%3Aaction%3Dlightbox%26settings%3DeyJpZCI6MjYyLCJ1cmwiOiJodHRwczpcL1wvYWxsYmF1Lm5ldFwvMjVfSmFocmVfU296aWFsbWFuYWdlbWVudFwvd3AtY29udGVudFwvdXBsb2Fkc1wvMjAyNVwvMDVcLzIwMjEtRXJzdGVzLVNjaGFmcHJvamVrdC1pbS1RdWFydGllci1zY2FsZWQuanBnIiwic2xpZGVzaG93IjoiMWM5MjAwMCJ9\">\n\t\t\t\t\t<div class=\"e-gallery-image elementor-gallery-item__image\" data-thumbnail=\"https:\/\/allbau.net\/25_Jahre_Sozialmanagement\/wp-content\/uploads\/2025\/05\/2021-Erstes-Schafprojekt-im-Quartier-300x200.jpg\" data-width=\"300\" data-height=\"200\" aria-label=\"Eine Gruppe von vier Personen f\u00fcttert ein Schaf im Freien. Die Szene zeigt eine freundliche Atmosph\u00e4re mit gr\u00fcnem Gras und B\u00e4umen im Hintergrund. Die Personen sind l\u00e4chelnd und tragen legere Kleidung.\" role=\"img\" ><\/div>\n\t\t\t\t\t\t\t\t\t\t\t<div class=\"elementor-gallery-item__overlay\"><\/div>\n\t\t\t\t\t\t\t\t\t\t\t\t\t\t<\/a>\n\t\t\t\t\t\t\t<a class=\"e-gallery-item elementor-gallery-item elementor-animated-content\" href=\"https:\/\/allbau.net\/25_Jahre_Sozialmanagement\/wp-content\/uploads\/2025\/05\/2022-Storp9-gewinnt-den-Essener-Solidaritaetspreis.jpg\" data-elementor-open-lightbox=\"yes\" data-elementor-lightbox-slideshow=\"1c92000\" data-elementor-lightbox-title=\"Storp9 erh\u00e4lt den Essener Solidarit\u00e4tspreis\" data-e-action-hash=\"#elementor-action%3Aaction%3Dlightbox%26settings%3DeyJpZCI6MjYzLCJ1cmwiOiJodHRwczpcL1wvYWxsYmF1Lm5ldFwvMjVfSmFocmVfU296aWFsbWFuYWdlbWVudFwvd3AtY29udGVudFwvdXBsb2Fkc1wvMjAyNVwvMDVcLzIwMjItU3RvcnA5LWdld2lubnQtZGVuLUVzc2VuZXItU29saWRhcml0YWV0c3ByZWlzLmpwZyIsInNsaWRlc2hvdyI6IjFjOTIwMDAifQ%3D%3D\">\n\t\t\t\t\t<div class=\"e-gallery-image elementor-gallery-item__image\" data-thumbnail=\"https:\/\/allbau.net\/25_Jahre_Sozialmanagement\/wp-content\/uploads\/2025\/05\/2022-Storp9-gewinnt-den-Essener-Solidaritaetspreis-300x225.jpg\" data-width=\"300\" data-height=\"225\" aria-label=\"Vier Personen posieren gemeinsam mit einer Auszeichnung. Die Stimmung ist feierlich. Die Frauen tragen formelle Kleidung in Blau und Schwarz, der Mann ist in einem Anzug mit Krawatte gekleidet. Im Hintergrund sind gr\u00fcne Pflanzen zu sehen.\" role=\"img\" ><\/div>\n\t\t\t\t\t\t\t\t\t\t\t<div class=\"elementor-gallery-item__overlay\"><\/div>\n\t\t\t\t\t\t\t\t\t\t\t\t\t\t<\/a>\n\t\t\t\t\t\t\t<a class=\"e-gallery-item elementor-gallery-item elementor-animated-content\" href=\"https:\/\/allbau.net\/25_Jahre_Sozialmanagement\/wp-content\/uploads\/2025\/05\/2024-AllbauPunkte-fuer-die-Quartiersarbeit-scaled.jpg\" data-elementor-open-lightbox=\"yes\" data-elementor-lightbox-slideshow=\"1c92000\" data-elementor-lightbox-title=\"Allbau Punkte f\u00fcr die Quartiersarbeit\" data-e-action-hash=\"#elementor-action%3Aaction%3Dlightbox%26settings%3DeyJpZCI6MjY0LCJ1cmwiOiJodHRwczpcL1wvYWxsYmF1Lm5ldFwvMjVfSmFocmVfU296aWFsbWFuYWdlbWVudFwvd3AtY29udGVudFwvdXBsb2Fkc1wvMjAyNVwvMDVcLzIwMjQtQWxsYmF1UHVua3RlLWZ1ZXItZGllLVF1YXJ0aWVyc2FyYmVpdC1zY2FsZWQuanBnIiwic2xpZGVzaG93IjoiMWM5MjAwMCJ9\">\n\t\t\t\t\t<div class=\"e-gallery-image elementor-gallery-item__image\" data-thumbnail=\"https:\/\/allbau.net\/25_Jahre_Sozialmanagement\/wp-content\/uploads\/2025\/05\/2024-AllbauPunkte-fuer-die-Quartiersarbeit-300x200.jpg\" data-width=\"300\" data-height=\"200\" aria-label=\"Eine Frau erkl\u00e4rt zwei \u00e4lteren Personen Informationen an einem Schaufenster. Es sind Plakate und Flyer sichtbar, die auf soziale Angebote und Veranstaltungen hinweisen. Die Stimmung ist informativ und einladend.\" role=\"img\" ><\/div>\n\t\t\t\t\t\t\t\t\t\t\t<div class=\"elementor-gallery-item__overlay\"><\/div>\n\t\t\t\t\t\t\t\t\t\t\t\t\t\t<\/a>\n\t\t\t\t\t\t\t<a class=\"e-gallery-item elementor-gallery-item elementor-animated-content\" href=\"https:\/\/allbau.net\/25_Jahre_Sozialmanagement\/wp-content\/uploads\/2025\/05\/2024-Repair-Cafe-gewinnt-den-WIR-Foerderpreis.jpg\" data-elementor-open-lightbox=\"yes\" data-elementor-lightbox-slideshow=\"1c92000\" data-elementor-lightbox-title=\"Repair Caf\u00e9 gewinnt WIR-F\u00f6rderpreis\" data-e-action-hash=\"#elementor-action%3Aaction%3Dlightbox%26settings%3DeyJpZCI6MjY1LCJ1cmwiOiJodHRwczpcL1wvYWxsYmF1Lm5ldFwvMjVfSmFocmVfU296aWFsbWFuYWdlbWVudFwvd3AtY29udGVudFwvdXBsb2Fkc1wvMjAyNVwvMDVcLzIwMjQtUmVwYWlyLUNhZmUtZ2V3aW5udC1kZW4tV0lSLUZvZXJkZXJwcmVpcy5qcGciLCJzbGlkZXNob3ciOiIxYzkyMDAwIn0%3D\">\n\t\t\t\t\t<div class=\"e-gallery-image elementor-gallery-item__image\" data-thumbnail=\"https:\/\/allbau.net\/25_Jahre_Sozialmanagement\/wp-content\/uploads\/2025\/05\/2024-Repair-Cafe-gewinnt-den-WIR-Foerderpreis-300x169.jpg\" data-width=\"300\" data-height=\"169\" aria-label=\"Ein Mann arbeitet konzentriert an einer alten Uhr im Repair Caf\u00e9. Er verwendet Werkzeuge und Klebstoff, um das Uhrwerk zu reparieren. Die Atmosph\u00e4re ist freundlich und handwerklich.\" role=\"img\" ><\/div>\n\t\t\t\t\t\t\t\t\t\t\t<div class=\"elementor-gallery-item__overlay\"><\/div>\n\t\t\t\t\t\t\t\t\t\t\t\t\t\t<\/a>\n\t\t\t\t\t<\/div>\n\t\t\t\t\t<\/div>\n\t\t\t\t<\/div>\n\t\t\t\t<\/div>\n\t\t\t\t\t<\/div>\n\t\t\t\t<\/div>\n\t\t<div class=\"elementor-element elementor-element-26d5ddc e-flex e-con-boxed e-con e-parent\" data-id=\"26d5ddc\" data-element_type=\"container\">\n\t\t\t\t\t<div class=\"e-con-inner\">\n\t\t\t\t<div class=\"elementor-element elementor-element-edeb5f1 elementor-widget elementor-widget-heading\" data-id=\"edeb5f1\" data-element_type=\"widget\" data-widget_type=\"heading.default\">\n\t\t\t\t<div class=\"elementor-widget-container\">\n\t\t\t\t\t<h2 class=\"elementor-heading-title elementor-size-default\">\u201eHerzlichen Gl\u00fcckwunsch, Allbau!\u201c<\/h2>\t\t\t\t<\/div>\n\t\t\t\t<\/div>\n\t\t\t\t<div class=\"elementor-element elementor-element-fadf4bb elementor-testimonial--skin-bubble elementor-testimonial--align-left elementor-testimonial--layout-image_inline elementor-arrows-yes elementor-pagination-type-bullets elementor-widget elementor-widget-testimonial-carousel\" data-id=\"fadf4bb\" data-element_type=\"widget\" data-settings=\"{&quot;slides_per_view&quot;:&quot;2&quot;,&quot;show_arrows&quot;:&quot;yes&quot;,&quot;pagination&quot;:&quot;bullets&quot;,&quot;speed&quot;:500,&quot;autoplay&quot;:&quot;yes&quot;,&quot;autoplay_speed&quot;:5000,&quot;loop&quot;:&quot;yes&quot;,&quot;pause_on_hover&quot;:&quot;yes&quot;,&quot;pause_on_interaction&quot;:&quot;yes&quot;,&quot;space_between&quot;:{&quot;unit&quot;:&quot;px&quot;,&quot;size&quot;:10,&quot;sizes&quot;:[]},&quot;space_between_tablet&quot;:{&quot;unit&quot;:&quot;px&quot;,&quot;size&quot;:10,&quot;sizes&quot;:[]},&quot;space_between_mobile&quot;:{&quot;unit&quot;:&quot;px&quot;,&quot;size&quot;:10,&quot;sizes&quot;:[]}}\" data-widget_type=\"testimonial-carousel.default\">\n\t\t\t\t<div class=\"elementor-widget-container\">\n\t\t\t\t\t\t\t\t\t<div class=\"elementor-swiper\">\n\t\t\t\t\t<div class=\"elementor-main-swiper swiper\" role=\"region\" aria-roledescription=\"carousel\" aria-label=\"Slider\">\n\t\t\t\t<div class=\"swiper-wrapper\">\n\t\t\t\t\t\t\t\t\t\t\t<div class=\"swiper-slide\" role=\"group\" aria-roledescription=\"slide\">\n\t\t\t\t\t\t\t\t\t<div class=\"elementor-testimonial\">\n\t\t\t\t\t\t\t<div class=\"elementor-testimonial__content\">\n\t\t\t\t\t<div class=\"elementor-testimonial__text\">\n\t\t\t\t\t\t\u201eDie Allbau GmbH hat als eines der ersten Wohnungsunternehmen in Deutschland die soziale Arbeit in ihr Kerngesch\u00e4ft integriert. Damit hat der Allbau seine Einflussm\u00f6glichkeiten fu\u0308r eine positive Quartiersentwicklung bereits fru\u0308h erkannt. Den sozialen Aspekt innerhalb der Immobilienbewirtschaftung fru\u0308hzeitig zu integrieren, hei\u00dft daher auch, einen positiven Einfluss auf die Stadtentwicklung\nzu nehmen. Das gelingt dem Allbau als zuverl\u00e4ssigem Partner bereits seit vielen Jahren.\u201c\t\t\t\t\t<\/div>\n\t\t\t\t\t\t\t\t\t<\/div>\n\t\t\t\t\t\t<div class=\"elementor-testimonial__footer\">\n\t\t\t\t\t\t\t\t\t<div class=\"elementor-testimonial__image\">\n\t\t\t\t\t\t<img decoding=\"async\" src=\"https:\/\/allbau.net\/25_Jahre_Sozialmanagement\/wp-content\/uploads\/2025\/04\/FirstSpirit_15960313558512019-10-13_23W2267_1-Kufen_Presse_0660_3zu2-e1745405518536.jpg\" alt=\"Thomas Kufen\">\n\t\t\t\t\t\t\t\t\t\t\t<\/div>\n\t\t\t\t\t\t\t\t<cite class=\"elementor-testimonial__cite\"><span class=\"elementor-testimonial__name\">Thomas Kufen<\/span><span class=\"elementor-testimonial__title\">Oberb\u00fcrgermeister<\/span><\/cite>\t\t\t<\/div>\n\t\t<\/div>\n\t\t\t\t\t\t\t\t<\/div>\n\t\t\t\t\t\t\t\t\t\t\t<div class=\"swiper-slide\" role=\"group\" aria-roledescription=\"slide\">\n\t\t\t\t\t\t\t\t\t<div class=\"elementor-testimonial\">\n\t\t\t\t\t\t\t<div class=\"elementor-testimonial__content\">\n\t\t\t\t\t<div class=\"elementor-testimonial__text\">\n\t\t\t\t\t\t\u201eMir macht es Spa\u00df, dass ich etwas fu\u0308r die Ju\u0308ngsten bewirken kann und dass mein Job als ehrenamtliche Spielplatzpatin vom Allbau so ernst genommen wird. Ich erhalte vom Sozialmanagement Unterstu\u0308tzung in jeglicher Hinsicht, damit ,mein\u2018 Spielplatz zu einem beliebten Ort fu\u0308r alle wird. Ob Ideen und finanzielle Unterstu\u0308tzung fu\u0308r besondere Spielplatzfeste oder beispielsweise Hilfe bei groben Sch\u00e4den oder Verunreinigungen: Das Allbau-Sozialmanagement hat ein offenes Ohr.\u201c\t\t\t\t\t<\/div>\n\t\t\t\t\t\t\t\t\t<\/div>\n\t\t\t\t\t\t<div class=\"elementor-testimonial__footer\">\n\t\t\t\t\t\t\t\t\t<div class=\"elementor-testimonial__image\">\n\t\t\t\t\t\t<img decoding=\"async\" src=\"https:\/\/allbau.net\/25_Jahre_Sozialmanagement\/wp-content\/uploads\/2025\/04\/Portrait_Frau-Raqa_RZ-e1745833939726.jpg\" alt=\"Nedmije Aische Raqa\">\n\t\t\t\t\t\t\t\t\t\t\t<\/div>\n\t\t\t\t\t\t\t\t<cite class=\"elementor-testimonial__cite\"><span class=\"elementor-testimonial__name\">Nedmije Aische Raqa<\/span><span class=\"elementor-testimonial__title\">Spielplatzpatin<\/span><\/cite>\t\t\t<\/div>\n\t\t<\/div>\n\t\t\t\t\t\t\t\t<\/div>\n\t\t\t\t\t\t\t\t\t\t\t<div class=\"swiper-slide\" role=\"group\" aria-roledescription=\"slide\">\n\t\t\t\t\t\t\t\t\t<div class=\"elementor-testimonial\">\n\t\t\t\t\t\t\t<div class=\"elementor-testimonial__content\">\n\t\t\t\t\t<div class=\"elementor-testimonial__text\">\n\t\t\t\t\t\t\u201eSoziale Arbeit leistet in vielen Stadtteilen einen wichtigen Beitrag fu\u0308r ein gutes Miteinander. Wir vom Jugendamt und das Allbau-Sozialmanagement haben die Menschen in ihrem Stadtteil im Blick. Wir k\u00f6nnen als Kooperationspartner gemeinsam dafu\u0308r sorgen, dass mehr Begegnung, mehr Respekt und Toleranz im Umgang miteinander entstehen. Durch gemeinsam entwickelte Konzepte fu\u0308r Stadtteile, die wir langfristig und mit Einbindung weiterer Fachdienste und auch vieler Ehrenamtlicher umsetzen, tragen wir dazu bei, soziale Ungleichheiten abzubauen, sozialen Frieden zu schaff en und wir erm\u00f6glichen Kindern, Familien und Senioren soziale Teilhabe. Die Allbau-Sozialmanager mit ihrem umfassenden Netzwerk und mit ihrem Wissen um die Bedarfe ,ihrer Mieter\u2018 spielen fu\u0308r uns eine entscheidende Rolle als soziale Stadtentwickler.\u201c\t\t\t\t\t<\/div>\n\t\t\t\t\t\t\t\t\t<\/div>\n\t\t\t\t\t\t<div class=\"elementor-testimonial__footer\">\n\t\t\t\t\t\t\t\t<cite class=\"elementor-testimonial__cite\"><span class=\"elementor-testimonial__name\">Carsten Bluhm<\/span><span class=\"elementor-testimonial__title\">Leiter Jugendamt<\/span><\/cite>\t\t\t<\/div>\n\t\t<\/div>\n\t\t\t\t\t\t\t\t<\/div>\n\t\t\t\t\t\t\t\t\t\t\t<div class=\"swiper-slide\" role=\"group\" aria-roledescription=\"slide\">\n\t\t\t\t\t\t\t\t\t<div class=\"elementor-testimonial\">\n\t\t\t\t\t\t\t<div class=\"elementor-testimonial__content\">\n\t\t\t\t\t<div class=\"elementor-testimonial__text\">\n\t\t\t\t\t\t\u201eWir haben hier eine ganz tolle Nachbarschaft. Das Allbau-Sozialmanagement gibt uns viele Anregungen und man merkt dem ganzen Team an, dass es selbst daran Freude hat, wenn eine gute Nachbarschaft entsteht. Natu\u0308rlich ist der Kontakt zu Nachbarn immer eine freiwillige Sache, aber die Unterstu\u0308tzung des Allbau-Sozialmanagements beispielsweise durch Besuche oder das Bereitstellen von Party-Equipment fu\u0308r kleine Nachbarschaftsfeste ist eine wunderbare Unterstu\u0308tzung.\u201c\t\t\t\t\t<\/div>\n\t\t\t\t\t\t\t\t\t<\/div>\n\t\t\t\t\t\t<div class=\"elementor-testimonial__footer\">\n\t\t\t\t\t\t\t\t<cite class=\"elementor-testimonial__cite\"><span class=\"elementor-testimonial__name\">Martina K\u00f6nigsmann<\/span><span class=\"elementor-testimonial__title\">Nachbarin<\/span><\/cite>\t\t\t<\/div>\n\t\t<\/div>\n\t\t\t\t\t\t\t\t<\/div>\n\t\t\t\t\t\t\t\t\t\t\t<div class=\"swiper-slide\" role=\"group\" aria-roledescription=\"slide\">\n\t\t\t\t\t\t\t\t\t<div class=\"elementor-testimonial\">\n\t\t\t\t\t\t\t<div class=\"elementor-testimonial__content\">\n\t\t\t\t\t<div class=\"elementor-testimonial__text\">\n\t\t\t\t\t\t\u201eDas Allbau-Sozialmanagement unterstu\u0308tzt in besonderem Ma\u00dfe als urbaner Vernetzer die Quartiersarbeit und ist dabei ein sehr wichtiger Ansprechpartner fu\u0308r die verantwortlichen Schwestergesellschaften der Stadt Essen. Gerade fu\u0308r das Jugendamt ist das Allbau-Sozialmanagement seit 25 Jahren ein kompetenter und zuverl\u00e4ssiger Kooperationspartner, wenn der Bedarf der Bu\u0308rger*innen in ihrem Quartier zu benennen ist und gemeinsam mit uns und weiteren Partnern Handlungsstrategien fu\u0308r Stadtteile entwickelt und umgesetzt werden sollen. Es freut mich besonders, dass es uns gemeinsam mit tollen Stadtteilprojekten sehr erfolgreich gelingt, Kindern Bildung und Teilhabe zu erm\u00f6glichen.\u201c\t\t\t\t\t<\/div>\n\t\t\t\t\t\t\t\t\t<\/div>\n\t\t\t\t\t\t<div class=\"elementor-testimonial__footer\">\n\t\t\t\t\t\t\t\t\t<div class=\"elementor-testimonial__image\">\n\t\t\t\t\t\t<img decoding=\"async\" src=\"https:\/\/allbau.net\/25_Jahre_Sozialmanagement\/wp-content\/uploads\/2025\/05\/2024-02-06_Al_Ghusain_Muchtar_VHS_Ausschnitt_-CMoritz-Leick-Stadt-Essen-scaled-e1746190323368.jpg\" alt=\"Muchtar Al Ghusain\">\n\t\t\t\t\t\t\t\t\t\t\t<\/div>\n\t\t\t\t\t\t\t\t<cite class=\"elementor-testimonial__cite\"><span class=\"elementor-testimonial__name\">Muchtar Al Ghusain<\/span><span class=\"elementor-testimonial__title\">Dezernent fu\u0308r Jugend, Bildung und Kultur<\/span><\/cite>\t\t\t<\/div>\n\t\t<\/div>\n\t\t\t\t\t\t\t\t<\/div>\n\t\t\t\t\t\t\t\t\t\t\t<div class=\"swiper-slide\" role=\"group\" aria-roledescription=\"slide\">\n\t\t\t\t\t\t\t\t\t<div class=\"elementor-testimonial\">\n\t\t\t\t\t\t\t<div class=\"elementor-testimonial__content\">\n\t\t\t\t\t<div class=\"elementor-testimonial__text\">\n\t\t\t\t\t\t\u201eIch arbeite sehr gerne als Quartiershelfer im Taschengeld-Projekt. Mu\u0308ll zu sammeln und mit anderen in meinem Alter in einem Team zu arbeiten, finde ich wichtig fu\u0308r das Zusammenleben in unseren H\u00e4usern. Schlie\u00dflich findet jeder saubere Gru\u0308nfl\u00e4chen, Wege und Mu\u0308lltonnenpl\u00e4tze gut. Und mit dem u\u0308ber das Allbau-Sozialmanagement verdienten Geld kann ich mir mal etwas kaufen oder etwas Sch\u00f6nes unternehmen.\u201c\t\t\t\t\t<\/div>\n\t\t\t\t\t\t\t\t\t<\/div>\n\t\t\t\t\t\t<div class=\"elementor-testimonial__footer\">\n\t\t\t\t\t\t\t\t<cite class=\"elementor-testimonial__cite\"><span class=\"elementor-testimonial__name\">Milad Hashoorzada<\/span><span class=\"elementor-testimonial__title\">Teilnehmer Taschengeldprojekt<\/span><\/cite>\t\t\t<\/div>\n\t\t<\/div>\n\t\t\t\t\t\t\t\t<\/div>\n\t\t\t\t\t\t\t\t\t<\/div>\n\t\t\t\t\t\t\t\t\t\t\t\t\t\t\t<div class=\"elementor-swiper-button elementor-swiper-button-prev\" role=\"button\" tabindex=\"0\" aria-label=\"Voriger\">\n\t\t\t\t\t\t\t<svg aria-hidden=\"true\" class=\"e-font-icon-svg e-eicon-chevron-left\" viewBox=\"0 0 1000 1000\" xmlns=\"http:\/\/www.w3.org\/2000\/svg\"><path d=\"M646 125C629 125 613 133 604 142L308 442C296 454 292 471 292 487 292 504 296 521 308 533L604 854C617 867 629 875 646 875 663 875 679 871 692 858 704 846 713 829 713 812 713 796 708 779 692 767L438 487 692 225C700 217 708 204 708 187 708 171 704 154 692 142 675 129 663 125 646 125Z\"><\/path><\/svg>\t\t\t\t\t\t<\/div>\n\t\t\t\t\t\t<div class=\"elementor-swiper-button elementor-swiper-button-next\" role=\"button\" tabindex=\"0\" aria-label=\"N\u00e4chster\">\n\t\t\t\t\t\t\t<svg aria-hidden=\"true\" class=\"e-font-icon-svg e-eicon-chevron-right\" viewBox=\"0 0 1000 1000\" xmlns=\"http:\/\/www.w3.org\/2000\/svg\"><path d=\"M696 533C708 521 713 504 713 487 713 471 708 454 696 446L400 146C388 133 375 125 354 125 338 125 325 129 313 142 300 154 292 171 292 187 292 204 296 221 308 233L563 492 304 771C292 783 288 800 288 817 288 833 296 850 308 863 321 871 338 875 354 875 371 875 388 867 400 854L696 533Z\"><\/path><\/svg>\t\t\t\t\t\t<\/div>\n\t\t\t\t\t\t\t\t\t\t\t\t\t\t\t\t<div class=\"swiper-pagination\"><\/div>\n\t\t\t\t\t\t\t\t\t\t\t\t<\/div>\n\t\t\t\t<\/div>\n\t\t\t\t\t\t\t\t<\/div>\n\t\t\t\t<\/div>\n\t\t\t\t\t<\/div>\n\t\t\t\t<\/div>\n\t\t<div class=\"elementor-element elementor-element-c4f4ff3 e-flex e-con-boxed e-con e-parent\" data-id=\"c4f4ff3\" data-element_type=\"container\" data-settings=\"{&quot;background_background&quot;:&quot;classic&quot;,&quot;shape_divider_top&quot;:&quot;triangle&quot;,&quot;shape_divider_top_negative&quot;:&quot;yes&quot;}\">\n\t\t\t\t\t<div class=\"e-con-inner\">\n\t\t\t\t<div class=\"elementor-shape elementor-shape-top\" data-negative=\"true\">\n\t\t\t<svg xmlns=\"http:\/\/www.w3.org\/2000\/svg\" viewBox=\"0 0 1000 100\" preserveAspectRatio=\"none\">\n\t<path class=\"elementor-shape-fill\" d=\"M500.2,94.7L0,0v100h1000V0L500.2,94.7z\"\/>\n<\/svg>\t\t<\/div>\n\t\t<div class=\"elementor-element elementor-element-470633e e-con-full e-flex e-con e-child\" data-id=\"470633e\" data-element_type=\"container\">\n\t\t\t\t<div class=\"elementor-element elementor-element-b83d027 elementor-widget elementor-widget-heading\" data-id=\"b83d027\" data-element_type=\"widget\" data-widget_type=\"heading.default\">\n\t\t\t\t<div class=\"elementor-widget-container\">\n\t\t\t\t\t<h2 class=\"elementor-heading-title elementor-size-default\">Events<\/h2>\t\t\t\t<\/div>\n\t\t\t\t<\/div>\n\t\t\t\t<div class=\"elementor-element elementor-element-4d6f7c5 elementor-grid-3 elementor-grid-tablet-2 elementor-grid-mobile-1 elementor-posts--thumbnail-top elementor-card-shadow-yes elementor-posts__hover-gradient elementor-widget elementor-widget-posts\" data-id=\"4d6f7c5\" data-element_type=\"widget\" data-settings=\"{&quot;pagination_type&quot;:&quot;prev_next&quot;,&quot;cards_columns&quot;:&quot;3&quot;,&quot;cards_columns_tablet&quot;:&quot;2&quot;,&quot;cards_columns_mobile&quot;:&quot;1&quot;,&quot;cards_row_gap&quot;:{&quot;unit&quot;:&quot;px&quot;,&quot;size&quot;:35,&quot;sizes&quot;:[]},&quot;cards_row_gap_tablet&quot;:{&quot;unit&quot;:&quot;px&quot;,&quot;size&quot;:&quot;&quot;,&quot;sizes&quot;:[]},&quot;cards_row_gap_mobile&quot;:{&quot;unit&quot;:&quot;px&quot;,&quot;size&quot;:&quot;&quot;,&quot;sizes&quot;:[]}}\" data-widget_type=\"posts.cards\">\n\t\t\t\t<div class=\"elementor-widget-container\">\n\t\t\t\t\t\t\t<div class=\"elementor-posts-container elementor-posts elementor-posts--skin-cards elementor-grid\">\n\t\t\t\t<article class=\"elementor-post elementor-grid-item post-299 post type-post status-publish format-standard has-post-thumbnail hentry category-allgemein tag-event\">\n\t\t\t<div class=\"elementor-post__card\">\n\t\t\t\t<a class=\"elementor-post__thumbnail__link\" href=\"https:\/\/allbau.net\/25_Jahre_Sozialmanagement\/2025\/05\/02\/allbau-praesentiert-philharmonie-vor-ort-2\/\" tabindex=\"-1\" ><div class=\"elementor-post__thumbnail\"><img loading=\"lazy\" decoding=\"async\" width=\"300\" height=\"200\" src=\"https:\/\/allbau.net\/25_Jahre_Sozialmanagement\/wp-content\/uploads\/2025\/06\/orchestra-2098877_1920-300x200.jpg\" class=\"attachment-medium size-medium wp-image-470\" alt=\"Mehrere Musiker in formeller Kleidung spielen Violine in einem Orchester. Die Szene vermittelt eine konzentrierte und harmonische Stimmung, mit einem Fokus auf die Instrumente und die musikalische Darbietung.\" srcset=\"https:\/\/allbau.net\/25_Jahre_Sozialmanagement\/wp-content\/uploads\/2025\/06\/orchestra-2098877_1920-300x200.jpg 300w, https:\/\/allbau.net\/25_Jahre_Sozialmanagement\/wp-content\/uploads\/2025\/06\/orchestra-2098877_1920-1024x683.jpg 1024w, https:\/\/allbau.net\/25_Jahre_Sozialmanagement\/wp-content\/uploads\/2025\/06\/orchestra-2098877_1920-768x512.jpg 768w, https:\/\/allbau.net\/25_Jahre_Sozialmanagement\/wp-content\/uploads\/2025\/06\/orchestra-2098877_1920-1536x1024.jpg 1536w, https:\/\/allbau.net\/25_Jahre_Sozialmanagement\/wp-content\/uploads\/2025\/06\/orchestra-2098877_1920.jpg 1920w\" sizes=\"(max-width: 300px) 100vw, 300px\" \/><\/div><\/a>\n\t\t\t\t<div class=\"elementor-post__text\">\n\t\t\t\t<h3 class=\"elementor-post__title\">\n\t\t\t<a href=\"https:\/\/allbau.net\/25_Jahre_Sozialmanagement\/2025\/05\/02\/allbau-praesentiert-philharmonie-vor-ort-2\/\" >\n\t\t\t\tAllbau pr\u00e4sentiert: Philharmonie vor Ort\t\t\t<\/a>\n\t\t<\/h3>\n\t\t\t\t<div class=\"elementor-post__excerpt\">\n\t\t\t<p>25.06.2025, 16 Uhr<\/p>\n<p>Pfarrheim der Kirche St. Michael,<br \/>\nLangh\u00f6lter Weg 9, Dellwig<\/p>\n\t\t<\/div>\n\t\t\t\t\t<div class=\"elementor-post__read-more-wrapper\">\n\t\t\n\t\t<a class=\"elementor-post__read-more\" href=\"https:\/\/allbau.net\/25_Jahre_Sozialmanagement\/2025\/05\/02\/allbau-praesentiert-philharmonie-vor-ort-2\/\" aria-label=\"Mehr \u00fcber Allbau pr\u00e4sentiert: Philharmonie vor Ort\" tabindex=\"-1\" >\n\t\t\tzum Event\t\t<\/a>\n\n\t\t\t\t\t<\/div>\n\t\t\t\t<\/div>\n\t\t\t\t\t<\/div>\n\t\t<\/article>\n\t\t\t\t<article class=\"elementor-post elementor-grid-item post-297 post type-post status-publish format-standard has-post-thumbnail hentry category-allgemein tag-event\">\n\t\t\t<div class=\"elementor-post__card\">\n\t\t\t\t<a class=\"elementor-post__thumbnail__link\" href=\"https:\/\/allbau.net\/25_Jahre_Sozialmanagement\/2025\/05\/02\/allbau-praesentiert-philharmonie-vor-ort\/\" tabindex=\"-1\" ><div class=\"elementor-post__thumbnail\"><img loading=\"lazy\" decoding=\"async\" width=\"300\" height=\"200\" src=\"https:\/\/allbau.net\/25_Jahre_Sozialmanagement\/wp-content\/uploads\/2025\/06\/violins-1838390_1920-300x200.jpg\" class=\"attachment-medium size-medium wp-image-471\" alt=\"Nahaufnahme von Violinenspielern in einem Orchester. Die H\u00e4nde der Musiker halten die Geigen, w\u00e4hrend sie konzentriert spielen. Die Stimmung ist ernst und musikalisch, mit unscharfen Gesichtern im Hintergrund.\" srcset=\"https:\/\/allbau.net\/25_Jahre_Sozialmanagement\/wp-content\/uploads\/2025\/06\/violins-1838390_1920-300x200.jpg 300w, https:\/\/allbau.net\/25_Jahre_Sozialmanagement\/wp-content\/uploads\/2025\/06\/violins-1838390_1920-1024x683.jpg 1024w, https:\/\/allbau.net\/25_Jahre_Sozialmanagement\/wp-content\/uploads\/2025\/06\/violins-1838390_1920-768x512.jpg 768w, https:\/\/allbau.net\/25_Jahre_Sozialmanagement\/wp-content\/uploads\/2025\/06\/violins-1838390_1920-1536x1025.jpg 1536w, https:\/\/allbau.net\/25_Jahre_Sozialmanagement\/wp-content\/uploads\/2025\/06\/violins-1838390_1920.jpg 1920w\" sizes=\"(max-width: 300px) 100vw, 300px\" \/><\/div><\/a>\n\t\t\t\t<div class=\"elementor-post__text\">\n\t\t\t\t<h3 class=\"elementor-post__title\">\n\t\t\t<a href=\"https:\/\/allbau.net\/25_Jahre_Sozialmanagement\/2025\/05\/02\/allbau-praesentiert-philharmonie-vor-ort\/\" >\n\t\t\t\tAllbau pr\u00e4sentiert: Philharmonie vor Ort\t\t\t<\/a>\n\t\t<\/h3>\n\t\t\t\t<div class=\"elementor-post__excerpt\">\n\t\t\t<p>23.06.2025, 15 Uhr<\/p>\n<p>Julius-Leber-Haus der AWO,<br \/>\nMeistersingerstra\u00dfe 50, Kray<\/p>\n\t\t<\/div>\n\t\t\t\t\t<div class=\"elementor-post__read-more-wrapper\">\n\t\t\n\t\t<a class=\"elementor-post__read-more\" href=\"https:\/\/allbau.net\/25_Jahre_Sozialmanagement\/2025\/05\/02\/allbau-praesentiert-philharmonie-vor-ort\/\" aria-label=\"Mehr \u00fcber Allbau pr\u00e4sentiert: Philharmonie vor Ort\" tabindex=\"-1\" >\n\t\t\tzum Event\t\t<\/a>\n\n\t\t\t\t\t<\/div>\n\t\t\t\t<\/div>\n\t\t\t\t\t<\/div>\n\t\t<\/article>\n\t\t\t\t<article class=\"elementor-post elementor-grid-item post-157 post type-post status-publish format-standard has-post-thumbnail hentry category-allgemein tag-event\">\n\t\t\t<div class=\"elementor-post__card\">\n\t\t\t\t<a class=\"elementor-post__thumbnail__link\" href=\"https:\/\/allbau.net\/25_Jahre_Sozialmanagement\/2025\/04\/23\/25-jahre-sozialmanagement\/\" tabindex=\"-1\" ><div class=\"elementor-post__thumbnail\"><img loading=\"lazy\" decoding=\"async\" width=\"300\" height=\"169\" src=\"https:\/\/allbau.net\/25_Jahre_Sozialmanagement\/wp-content\/uploads\/2025\/05\/b0a5462_kopie-300x169.jpg\" class=\"attachment-medium size-medium wp-image-312\" alt=\"Ein Dirigent in formeller Kleidung f\u00fchrt ein Orchester. Er zeigt Ausdruck und Konzentration, w\u00e4hrend Musiker im Hintergrund mit ihren Instrumenten spielen. Die Stimmung ist dynamisch und professionell.\" srcset=\"https:\/\/allbau.net\/25_Jahre_Sozialmanagement\/wp-content\/uploads\/2025\/05\/b0a5462_kopie-300x169.jpg 300w, https:\/\/allbau.net\/25_Jahre_Sozialmanagement\/wp-content\/uploads\/2025\/05\/b0a5462_kopie-768x432.jpg 768w, https:\/\/allbau.net\/25_Jahre_Sozialmanagement\/wp-content\/uploads\/2025\/05\/b0a5462_kopie.jpg 1000w\" sizes=\"(max-width: 300px) 100vw, 300px\" \/><\/div><\/a>\n\t\t\t\t<div class=\"elementor-post__text\">\n\t\t\t\t<h3 class=\"elementor-post__title\">\n\t\t\t<a href=\"https:\/\/allbau.net\/25_Jahre_Sozialmanagement\/2025\/04\/23\/25-jahre-sozialmanagement\/\" >\n\t\t\t\tAllbau pr\u00e4sentiert: Philharmonie vor Ort\t\t\t<\/a>\n\t\t<\/h3>\n\t\t\t\t<div class=\"elementor-post__excerpt\">\n\t\t\t<p>22.06.2025, 15:30 Uhr<br \/>\nKirche im Franz-Sales-Haus,<br \/>\nSteeler Stra\u00dfe 261, Huttrop<\/p>\n\t\t<\/div>\n\t\t\t\t\t<div class=\"elementor-post__read-more-wrapper\">\n\t\t\n\t\t<a class=\"elementor-post__read-more\" href=\"https:\/\/allbau.net\/25_Jahre_Sozialmanagement\/2025\/04\/23\/25-jahre-sozialmanagement\/\" aria-label=\"Mehr \u00fcber Allbau pr\u00e4sentiert: Philharmonie vor Ort\" tabindex=\"-1\" >\n\t\t\tzum Event\t\t<\/a>\n\n\t\t\t\t\t<\/div>\n\t\t\t\t<\/div>\n\t\t\t\t\t<\/div>\n\t\t<\/article>\n\t\t\t\t<\/div>\n\t\t\n\t\t\t\t\t\t<\/div>\n\t\t\t\t<\/div>\n\t\t\t\t<\/div>\n\t\t\t\t\t<\/div>\n\t\t\t\t<\/div>\n\t\t<div class=\"elementor-element elementor-element-83f55b8 elementor-hidden-desktop elementor-hidden-tablet elementor-hidden-mobile e-flex e-con-boxed e-con e-parent\" data-id=\"83f55b8\" data-element_type=\"container\" data-settings=\"{&quot;background_background&quot;:&quot;classic&quot;}\">\n\t\t\t\t\t<div class=\"e-con-inner\">\n\t\t<div class=\"elementor-element elementor-element-8c9231d e-con-full e-flex e-con e-child\" data-id=\"8c9231d\" data-element_type=\"container\" data-settings=\"{&quot;background_background&quot;:&quot;classic&quot;}\">\n\t\t<div class=\"elementor-element elementor-element-57fdf42 e-con-full e-flex e-con e-child\" data-id=\"57fdf42\" data-element_type=\"container\">\n\t\t\t\t<div class=\"elementor-element elementor-element-c6f0450 elementor-widget elementor-widget-image\" data-id=\"c6f0450\" data-element_type=\"widget\" data-widget_type=\"image.default\">\n\t\t\t\t<div class=\"elementor-widget-container\">\n\t\t\t\t\t\t\t\t\t\t\t\t\t\t\t<img decoding=\"async\" width=\"683\" height=\"1024\" src=\"https:\/\/allbau.net\/25_Jahre_Sozialmanagement\/wp-content\/uploads\/2025\/04\/MiMa_Titelbild_anderer_Hintergrund-683x1024.jpg\" class=\"attachment-large size-large wp-image-187\" alt=\"F\u00fcnf Personen stehen und sitzen um einen Kiosk im Freien. Eine Frau h\u00e4lt ein Buch mit Bildern von Wohnprojekten. Die Stimmung ist freundlich und entspannt, umgeben von gr\u00fcner Natur.\" srcset=\"https:\/\/allbau.net\/25_Jahre_Sozialmanagement\/wp-content\/uploads\/2025\/04\/MiMa_Titelbild_anderer_Hintergrund-683x1024.jpg 683w, https:\/\/allbau.net\/25_Jahre_Sozialmanagement\/wp-content\/uploads\/2025\/04\/MiMa_Titelbild_anderer_Hintergrund-200x300.jpg 200w, https:\/\/allbau.net\/25_Jahre_Sozialmanagement\/wp-content\/uploads\/2025\/04\/MiMa_Titelbild_anderer_Hintergrund-768x1152.jpg 768w, https:\/\/allbau.net\/25_Jahre_Sozialmanagement\/wp-content\/uploads\/2025\/04\/MiMa_Titelbild_anderer_Hintergrund-1024x1536.jpg 1024w, https:\/\/allbau.net\/25_Jahre_Sozialmanagement\/wp-content\/uploads\/2025\/04\/MiMa_Titelbild_anderer_Hintergrund-1365x2048.jpg 1365w, https:\/\/allbau.net\/25_Jahre_Sozialmanagement\/wp-content\/uploads\/2025\/04\/MiMa_Titelbild_anderer_Hintergrund-scaled.jpg 1707w\" sizes=\"(max-width: 683px) 100vw, 683px\" \/>\t\t\t\t\t\t\t\t\t\t\t\t\t\t\t<\/div>\n\t\t\t\t<\/div>\n\t\t\t\t<\/div>\n\t\t<div class=\"elementor-element elementor-element-e8415dc e-con-full e-flex e-con e-child\" data-id=\"e8415dc\" data-element_type=\"container\">\n\t\t<div class=\"elementor-element elementor-element-2cdbe49 e-con-full e-flex e-con e-child\" data-id=\"2cdbe49\" data-element_type=\"container\">\n\t\t<div class=\"elementor-element elementor-element-6f446b5 e-con-full e-flex e-con e-child\" data-id=\"6f446b5\" data-element_type=\"container\">\n\t\t\t\t<div class=\"elementor-element elementor-element-c4212d0 elementor-widget elementor-widget-heading\" data-id=\"c4212d0\" data-element_type=\"widget\" data-widget_type=\"heading.default\">\n\t\t\t\t<div class=\"elementor-widget-container\">\n\t\t\t\t\t<h2 class=\"elementor-heading-title elementor-size-default\">25 Jahre Sozialmanagement beim Allbau<\/h2>\t\t\t\t<\/div>\n\t\t\t\t<\/div>\n\t\t\t\t<div class=\"elementor-element elementor-element-57bc33f elementor-widget elementor-widget-heading\" data-id=\"57bc33f\" data-element_type=\"widget\" data-widget_type=\"heading.default\">\n\t\t\t\t<div class=\"elementor-widget-container\">\n\t\t\t\t\t<h2 class=\"elementor-heading-title elementor-size-default\">Weil Wohnen mehr ist als ein Dach \u00fcber dem Kopf<\/h2>\t\t\t\t<\/div>\n\t\t\t\t<\/div>\n\t\t\t\t<div class=\"elementor-element elementor-element-14aa790 elementor-widget elementor-widget-text-editor\" data-id=\"14aa790\" data-element_type=\"widget\" data-widget_type=\"text-editor.default\">\n\t\t\t\t<div class=\"elementor-widget-container\">\n\t\t\t\t\t\t\t\t\t<p style=\"font-weight: 400;\">Seit 2001 engagiert sich die Allbau GmbH mit einem eigenen Sozialmanagement f\u00fcr lebendige Nachbarschaften, gegenseitiges Verst\u00e4ndnis und ein starkes Miteinander in unseren Quartieren. Was mit einer Vision begann, ist heute fester Bestandteil unserer Unternehmenskultur: Menschen in unterschiedlichen Lebenslagen begleiten, Chancen schaffen, Isolation vorbeugen \u2013 kurzum: Lebensr\u00e4ume gestalten, in denen man sich zuhause f\u00fchlt.<\/p><p style=\"font-weight: 400;\">Ob im Rahmen von Kinder- und Jugendprojekten, Nachbarschaftstreffs, Beratung in schwierigen Lebenslagen oder der Organisation von Mieterfesten: Unser Team aus Sozialmanagerinnen und -managern sorgt daf\u00fcr, dass unsere Quartiere Orte der Begegnung bleiben. Orte, an denen alle das Gef\u00fchl haben: Ich geh\u00f6re dazu. Ich kann mitgestalten.<\/p><p style=\"font-weight: 400;\">Mit Herz, Verstand und einem offenen Ohr f\u00fcr die Menschen vor Ort. Seit 25 Jahren. Und auch in Zukunft.<\/p><p style=\"font-weight: 400;\">Erfahren Sie mehr \u00fcber unsere Arbeit, die Menschen dahinter und die Geschichte des Allbau-Sozialmanagements.<\/p>\t\t\t\t\t\t\t\t<\/div>\n\t\t\t\t<\/div>\n\t\t\t\t<div class=\"elementor-element elementor-element-137caca elementor-widget elementor-widget-button\" data-id=\"137caca\" data-element_type=\"widget\" data-widget_type=\"button.default\">\n\t\t\t\t<div class=\"elementor-widget-container\">\n\t\t\t\t\t\t\t\t\t<div class=\"elementor-button-wrapper\">\n\t\t\t\t\t<a class=\"elementor-button elementor-button-link elementor-size-sm\" href=\"#\">\n\t\t\t\t\t\t<span class=\"elementor-button-content-wrapper\">\n\t\t\t\t\t\t\t\t\t<span class=\"elementor-button-text\">Das neue Allbau-Magazin<\/span>\n\t\t\t\t\t<\/span>\n\t\t\t\t\t<\/a>\n\t\t\t\t<\/div>\n\t\t\t\t\t\t\t\t<\/div>\n\t\t\t\t<\/div>\n\t\t\t\t<\/div>\n\t\t\t\t<\/div>\n\t\t\t\t<\/div>\n\t\t\t\t<\/div>\n\t\t\t\t\t<\/div>\n\t\t\t\t<\/div>\n\t\t\t\t<\/div>\n\t\t","protected":false},"excerpt":{"rendered":"<p>25 Jahre Sozialmanagement beim Allbau Weil Wohnen mehr ist als ein Dach \u00fcber dem Kopf Seit 2001 engagiert sich die Allbau GmbH mit einem eigenen Sozialmanagement f\u00fcr lebendige Nachbarschaften, gegenseitiges Verst\u00e4ndnis und ein starkes Miteinander in unseren Quartieren. Was mit einer Vision begann, ist heute fester Bestandteil unserer Unternehmenskultur: Menschen in unterschiedlichen Lebenslagen begleiten, Chancen [&hellip;]<\/p>\n","protected":false},"author":1,"featured_media":0,"parent":0,"menu_order":0,"comment_status":"closed","ping_status":"closed","template":"elementor_canvas","meta":{"footnotes":""},"class_list":["post-12","page","type-page","status-publish","hentry"],"_links":{"self":[{"href":"https:\/\/allbau.net\/25_Jahre_Sozialmanagement\/wp-json\/wp\/v2\/pages\/12","targetHints":{"allow":["GET"]}}],"collection":[{"href":"https:\/\/allbau.net\/25_Jahre_Sozialmanagement\/wp-json\/wp\/v2\/pages"}],"about":[{"href":"https:\/\/allbau.net\/25_Jahre_Sozialmanagement\/wp-json\/wp\/v2\/types\/page"}],"author":[{"embeddable":true,"href":"https:\/\/allbau.net\/25_Jahre_Sozialmanagement\/wp-json\/wp\/v2\/users\/1"}],"replies":[{"embeddable":true,"href":"https:\/\/allbau.net\/25_Jahre_Sozialmanagement\/wp-json\/wp\/v2\/comments?post=12"}],"version-history":[{"count":232,"href":"https:\/\/allbau.net\/25_Jahre_Sozialmanagement\/wp-json\/wp\/v2\/pages\/12\/revisions"}],"predecessor-version":[{"id":495,"href":"https:\/\/allbau.net\/25_Jahre_Sozialmanagement\/wp-json\/wp\/v2\/pages\/12\/revisions\/495"}],"wp:attachment":[{"href":"https:\/\/allbau.net\/25_Jahre_Sozialmanagement\/wp-json\/wp\/v2\/media?parent=12"}],"curies":[{"name":"wp","href":"https:\/\/api.w.org\/{rel}","templated":true}]}}